{"id":1996,"date":"2024-02-27T12:29:36","date_gmt":"2024-02-27T11:29:36","guid":{"rendered":"https:\/\/mediationdev.eveha.fr\/?page_id=1996"},"modified":"2024-10-15T12:26:49","modified_gmt":"2024-10-15T10:26:49","slug":"actualites","status":"publish","type":"page","link":"https:\/\/mediation.eveha.fr\/index.php\/actualites\/","title":{"rendered":"Actualit\u00e9s"},"content":{"rendered":"<ul style=\"padding-top:0;padding-bottom:0;padding-left:0;padding-right:0;margin-top:0;margin-bottom:0;margin-left:0;margin-right:0;\" class=\"wp-block-latest-posts__list is-grid columns-3 wp-block-latest-posts has-medium-font-size\"><li><div class=\"wp-block-latest-posts__featured-image aligncenter\"><a href=\"https:\/\/mediation.eveha.fr\/index.php\/encore-un-gros-simulateur-de-fouille\/\" aria-label=\"Encore un gros simulateur de fouille !\"><img loading=\"lazy\" decoding=\"async\" width=\"300\" height=\"225\" src=\"https:\/\/mediation.eveha.fr\/wp-content\/uploads\/2026\/03\/DSCF3498-2_1-2-1024x714-2-300x225.jpg\" class=\"attachment-medium size-medium wp-post-image\" alt=\"\" style=\"\" srcset=\"https:\/\/mediation.eveha.fr\/wp-content\/uploads\/2026\/03\/DSCF3498-2_1-2-1024x714-2-300x225.jpg 300w, https:\/\/mediation.eveha.fr\/wp-content\/uploads\/2026\/03\/DSCF3498-2_1-2-1024x714-2-1024x768.jpg 1024w, https:\/\/mediation.eveha.fr\/wp-content\/uploads\/2026\/03\/DSCF3498-2_1-2-1024x714-2-768x576.jpg 768w, https:\/\/mediation.eveha.fr\/wp-content\/uploads\/2026\/03\/DSCF3498-2_1-2-1024x714-2-1536x1152.jpg 1536w, https:\/\/mediation.eveha.fr\/wp-content\/uploads\/2026\/03\/DSCF3498-2_1-2-1024x714-2.jpg 1600w\" sizes=\"auto, (max-width: 300px) 100vw, 300px\" \/><\/a><\/div><a class=\"wp-block-latest-posts__post-title\" href=\"https:\/\/mediation.eveha.fr\/index.php\/encore-un-gros-simulateur-de-fouille\/\">Encore un gros simulateur de fouille !<\/a><div class=\"wp-block-latest-posts__post-excerpt\">Dans le prolongement du simulateur construit pour le mus\u00e9e de Meymac en Corr\u00e8ze (2021), puis de celui r\u00e9alis\u00e9 pour le service arch\u00e9ologique de la Ville de Paris (2025), nous avons \u00e9t\u00e9 sollicit\u00e9 par le Mus\u00e9e Saint-Laurent de Grenoble\u2026 <a class=\"wp-block-latest-posts__read-more\" href=\"https:\/\/mediation.eveha.fr\/index.php\/encore-un-gros-simulateur-de-fouille\/\" rel=\"noopener noreferrer\">Lire la suite<span class=\"screen-reader-text\">\u00a0: Encore un gros simulateur de fouille !<\/span><\/a><\/div><\/li>\n<li><div class=\"wp-block-latest-posts__featured-image aligncenter\"><a href=\"https:\/\/mediation.eveha.fr\/index.php\/quand-larcheologie-sinvite-en-classe-de-6e-a-ozanam\/\" aria-label=\"Quand l\u2019arch\u00e9ologie s\u2019invite en classe de 6e \u00e0 Ozanam\"><img loading=\"lazy\" decoding=\"async\" width=\"300\" height=\"225\" src=\"https:\/\/mediation.eveha.fr\/wp-content\/uploads\/2026\/01\/2025-COLLEGE-OZANAM-LIMOGES-IMG_20251106_150652-300x225.jpg\" class=\"attachment-medium size-medium wp-post-image\" alt=\"\" style=\"\" srcset=\"https:\/\/mediation.eveha.fr\/wp-content\/uploads\/2026\/01\/2025-COLLEGE-OZANAM-LIMOGES-IMG_20251106_150652-300x225.jpg 300w, https:\/\/mediation.eveha.fr\/wp-content\/uploads\/2026\/01\/2025-COLLEGE-OZANAM-LIMOGES-IMG_20251106_150652-1024x768.jpg 1024w, https:\/\/mediation.eveha.fr\/wp-content\/uploads\/2026\/01\/2025-COLLEGE-OZANAM-LIMOGES-IMG_20251106_150652-768x576.jpg 768w, https:\/\/mediation.eveha.fr\/wp-content\/uploads\/2026\/01\/2025-COLLEGE-OZANAM-LIMOGES-IMG_20251106_150652-1536x1152.jpg 1536w, https:\/\/mediation.eveha.fr\/wp-content\/uploads\/2026\/01\/2025-COLLEGE-OZANAM-LIMOGES-IMG_20251106_150652-2048x1536.jpg 2048w\" sizes=\"auto, (max-width: 300px) 100vw, 300px\" \/><\/a><\/div><a class=\"wp-block-latest-posts__post-title\" href=\"https:\/\/mediation.eveha.fr\/index.php\/quand-larcheologie-sinvite-en-classe-de-6e-a-ozanam\/\">Quand l\u2019arch\u00e9ologie s\u2019invite en classe de 6e \u00e0 Ozanam<\/a><div class=\"wp-block-latest-posts__post-excerpt\">\u00c9veha est r\u00e9cemment intervenu aupr\u00e8s d\u2019une classe de 6e option \u201carch\u00e9ologie\u201d du coll\u00e8ge Ozanam de Limoges, \u00e0 l\u2019occasion de deux ateliers p\u00e9dagogiques anim\u00e9s par notre arch\u00e9ologue-m\u00e9diateur J\u00e9r\u00f4me Lachaud. La premi\u00e8re s\u00e9ance, d\u00e9di\u00e9e \u00e0 une initiation \u00e0 l\u2019arch\u00e9ologie, a\u2026 <a class=\"wp-block-latest-posts__read-more\" href=\"https:\/\/mediation.eveha.fr\/index.php\/quand-larcheologie-sinvite-en-classe-de-6e-a-ozanam\/\" rel=\"noopener noreferrer\">Lire la suite<span class=\"screen-reader-text\">\u00a0: Quand l\u2019arch\u00e9ologie s\u2019invite en classe de 6e \u00e0 Ozanam<\/span><\/a><\/div><\/li>\n<li><div class=\"wp-block-latest-posts__featured-image aligncenter\"><a href=\"https:\/\/mediation.eveha.fr\/index.php\/festival-explorscience\/\" aria-label=\"On r\u00e9pond pr\u00e9sent pour le festival Explor&rsquo;science\"><img loading=\"lazy\" decoding=\"async\" width=\"300\" height=\"225\" src=\"https:\/\/mediation.eveha.fr\/wp-content\/uploads\/2025\/11\/42126544592491068353333-300x225.jpg\" class=\"attachment-medium size-medium wp-post-image\" alt=\"\" style=\"\" srcset=\"https:\/\/mediation.eveha.fr\/wp-content\/uploads\/2025\/11\/42126544592491068353333-300x225.jpg 300w, https:\/\/mediation.eveha.fr\/wp-content\/uploads\/2025\/11\/42126544592491068353333-1024x768.jpg 1024w, https:\/\/mediation.eveha.fr\/wp-content\/uploads\/2025\/11\/42126544592491068353333-768x576.jpg 768w, https:\/\/mediation.eveha.fr\/wp-content\/uploads\/2025\/11\/42126544592491068353333-1536x1152.jpg 1536w, https:\/\/mediation.eveha.fr\/wp-content\/uploads\/2025\/11\/42126544592491068353333.jpg 1600w\" sizes=\"auto, (max-width: 300px) 100vw, 300px\" \/><\/a><\/div><a class=\"wp-block-latest-posts__post-title\" href=\"https:\/\/mediation.eveha.fr\/index.php\/festival-explorscience\/\">On r\u00e9pond pr\u00e9sent pour le festival Explor&rsquo;science<\/a><div class=\"wp-block-latest-posts__post-excerpt\">Notre \u00e9quipe a, cette ann\u00e9e encore, particip\u00e9 au plus grand festival des sciences d\u2019Occitanie ! Explor\u2019Science, l\u2019\u00e9v\u00e9nement de m\u00e9diation scientifique incontournable de la r\u00e9gion, a accueilli pr\u00e8s de 5 000 personnes \u00e0 Carcassonne. Pour r\u00e9pondre aux questions du\u2026 <a class=\"wp-block-latest-posts__read-more\" href=\"https:\/\/mediation.eveha.fr\/index.php\/festival-explorscience\/\" rel=\"noopener noreferrer\">Lire la suite<span class=\"screen-reader-text\">\u00a0: On r\u00e9pond pr\u00e9sent pour le festival Explor&rsquo;science<\/span><\/a><\/div><\/li>\n<li><div class=\"wp-block-latest-posts__featured-image aligncenter\"><a href=\"https:\/\/mediation.eveha.fr\/index.php\/retro-sur-les-jep-plus-de-600-visiteurs-a-la-rencontre-des-archeologues-deveha\/\" aria-label=\"R\u00e9tro sur les JEP 2025 : plus de 600 visiteurs \u00e0 la rencontre des arch\u00e9ologues d\u2019\u00c9veha !\"><img loading=\"lazy\" decoding=\"async\" width=\"300\" height=\"225\" src=\"https:\/\/mediation.eveha.fr\/wp-content\/uploads\/2025\/10\/1-300x225.jpg\" class=\"attachment-medium size-medium wp-post-image\" alt=\"\" style=\"\" srcset=\"https:\/\/mediation.eveha.fr\/wp-content\/uploads\/2025\/10\/1-300x225.jpg 300w, https:\/\/mediation.eveha.fr\/wp-content\/uploads\/2025\/10\/1-1024x768.jpg 1024w, https:\/\/mediation.eveha.fr\/wp-content\/uploads\/2025\/10\/1-768x576.jpg 768w, https:\/\/mediation.eveha.fr\/wp-content\/uploads\/2025\/10\/1-1536x1152.jpg 1536w, https:\/\/mediation.eveha.fr\/wp-content\/uploads\/2025\/10\/1.jpg 1600w\" sizes=\"auto, (max-width: 300px) 100vw, 300px\" \/><\/a><\/div><a class=\"wp-block-latest-posts__post-title\" href=\"https:\/\/mediation.eveha.fr\/index.php\/retro-sur-les-jep-plus-de-600-visiteurs-a-la-rencontre-des-archeologues-deveha\/\">R\u00e9tro sur les JEP 2025 : plus de 600 visiteurs \u00e0 la rencontre des arch\u00e9ologues d\u2019\u00c9veha !<\/a><div class=\"wp-block-latest-posts__post-excerpt\">Le week-end dernier, les \u00e9quipes d\u2019\u00c9veha ont eu le plaisir d\u2019aller \u00e0 la rencontre de plus de 600 visiteurs \u00e0 travers la France\u2026 et jusqu\u2019en Guyane ! \u00c0 Clermont-Ferrand et Tours, nos agences ont ouvert leurs portes et\u2026 <a class=\"wp-block-latest-posts__read-more\" href=\"https:\/\/mediation.eveha.fr\/index.php\/retro-sur-les-jep-plus-de-600-visiteurs-a-la-rencontre-des-archeologues-deveha\/\" rel=\"noopener noreferrer\">Lire la suite<span class=\"screen-reader-text\">\u00a0: R\u00e9tro sur les JEP 2025 : plus de 600 visiteurs \u00e0 la rencontre des arch\u00e9ologues d\u2019\u00c9veha !<\/span><\/a><\/div><\/li>\n<li><div class=\"wp-block-latest-posts__featured-image aligncenter\"><a href=\"https:\/\/mediation.eveha.fr\/index.php\/nos-activites-de-mediation-pour-les-journees-europeennes-du-patrimoine\/\" aria-label=\"Nos activit\u00e9s de m\u00e9diation pour les journ\u00e9es europ\u00e9ennes du patrimoine\"><img loading=\"lazy\" decoding=\"async\" width=\"300\" height=\"225\" src=\"https:\/\/mediation.eveha.fr\/wp-content\/uploads\/2025\/09\/INTRANET-JEP3-300x225.jpg\" class=\"attachment-medium size-medium wp-post-image\" alt=\"\" style=\"\" srcset=\"https:\/\/mediation.eveha.fr\/wp-content\/uploads\/2025\/09\/INTRANET-JEP3-300x225.jpg 300w, https:\/\/mediation.eveha.fr\/wp-content\/uploads\/2025\/09\/INTRANET-JEP3-1024x768.jpg 1024w, https:\/\/mediation.eveha.fr\/wp-content\/uploads\/2025\/09\/INTRANET-JEP3-768x576.jpg 768w, https:\/\/mediation.eveha.fr\/wp-content\/uploads\/2025\/09\/INTRANET-JEP3-1536x1152.jpg 1536w, https:\/\/mediation.eveha.fr\/wp-content\/uploads\/2025\/09\/INTRANET-JEP3.jpg 1600w\" sizes=\"auto, (max-width: 300px) 100vw, 300px\" \/><\/a><\/div><a class=\"wp-block-latest-posts__post-title\" href=\"https:\/\/mediation.eveha.fr\/index.php\/nos-activites-de-mediation-pour-les-journees-europeennes-du-patrimoine\/\">Nos activit\u00e9s de m\u00e9diation pour les journ\u00e9es europ\u00e9ennes du patrimoine<\/a><div class=\"wp-block-latest-posts__post-excerpt\">Cette ann\u00e9e encore, notre planning d&rsquo;activit\u00e9s \u00e0 l&rsquo;occasion des journ\u00e9es du patrimoine s&rsquo;annonce charg\u00e9. Retrouvez ci-dessous le d\u00e9tail de nos prestations en esp\u00e9rant qu&rsquo;au moins l&rsquo;une d&rsquo;entre elles sera proche de chez vous !? Tours Ouverture exceptionnelle de\u2026 <a class=\"wp-block-latest-posts__read-more\" href=\"https:\/\/mediation.eveha.fr\/index.php\/nos-activites-de-mediation-pour-les-journees-europeennes-du-patrimoine\/\" rel=\"noopener noreferrer\">Lire la suite<span class=\"screen-reader-text\">\u00a0: Nos activit\u00e9s de m\u00e9diation pour les journ\u00e9es europ\u00e9ennes du patrimoine<\/span><\/a><\/div><\/li>\n<li><div class=\"wp-block-latest-posts__featured-image aligncenter\"><a href=\"https:\/\/mediation.eveha.fr\/index.php\/quand-la-jeunesse-explore-larcheologie-avec-eveha\/\" aria-label=\"Quand la jeunesse explore l\u2019arch\u00e9ologie avec \u00c9veha !\"><img loading=\"lazy\" decoding=\"async\" width=\"300\" height=\"225\" src=\"https:\/\/mediation.eveha.fr\/wp-content\/uploads\/2025\/07\/DSC03764bis-300x225.jpg\" class=\"attachment-medium size-medium wp-post-image\" alt=\"\" style=\"\" srcset=\"https:\/\/mediation.eveha.fr\/wp-content\/uploads\/2025\/07\/DSC03764bis-300x225.jpg 300w, https:\/\/mediation.eveha.fr\/wp-content\/uploads\/2025\/07\/DSC03764bis-768x576.jpg 768w, https:\/\/mediation.eveha.fr\/wp-content\/uploads\/2025\/07\/DSC03764bis.jpg 1024w\" sizes=\"auto, (max-width: 300px) 100vw, 300px\" \/><\/a><\/div><a class=\"wp-block-latest-posts__post-title\" href=\"https:\/\/mediation.eveha.fr\/index.php\/quand-la-jeunesse-explore-larcheologie-avec-eveha\/\">Quand la jeunesse explore l\u2019arch\u00e9ologie avec \u00c9veha !<\/a><div class=\"wp-block-latest-posts__post-excerpt\">Du 16 au 27 juin, plusieurs \u00e9l\u00e8ves de classe de seconde ont \u00e9t\u00e9 accueillis dans neuf agences \u00c9veha r\u00e9parties sur tout le territoire (Caen, Clermont-Ferrand, Lille, Limoges, Lyon, Poitiers, Rennes, Toulouse et Troyes) dans le cadre d\u2019un stage\u2026 <a class=\"wp-block-latest-posts__read-more\" href=\"https:\/\/mediation.eveha.fr\/index.php\/quand-la-jeunesse-explore-larcheologie-avec-eveha\/\" rel=\"noopener noreferrer\">Lire la suite<span class=\"screen-reader-text\">\u00a0: Quand la jeunesse explore l\u2019arch\u00e9ologie avec \u00c9veha !<\/span><\/a><\/div><\/li>\n<li><div class=\"wp-block-latest-posts__featured-image aligncenter\"><a href=\"https:\/\/mediation.eveha.fr\/index.php\/jea-visites-a-nort-sur-erdre\/\" aria-label=\"JEA &#8211; Visites \u00e0 Nort-sur-Erdre (44)\"><img loading=\"lazy\" decoding=\"async\" width=\"300\" height=\"225\" src=\"https:\/\/mediation.eveha.fr\/wp-content\/uploads\/2025\/06\/2025_JPO_Nort-sur-ErdreP6113025bis-300x225.jpg\" class=\"attachment-medium size-medium wp-post-image\" alt=\"\" style=\"\" srcset=\"https:\/\/mediation.eveha.fr\/wp-content\/uploads\/2025\/06\/2025_JPO_Nort-sur-ErdreP6113025bis-300x225.jpg 300w, https:\/\/mediation.eveha.fr\/wp-content\/uploads\/2025\/06\/2025_JPO_Nort-sur-ErdreP6113025bis-768x576.jpg 768w, https:\/\/mediation.eveha.fr\/wp-content\/uploads\/2025\/06\/2025_JPO_Nort-sur-ErdreP6113025bis.jpg 1024w\" sizes=\"auto, (max-width: 300px) 100vw, 300px\" \/><\/a><\/div><a class=\"wp-block-latest-posts__post-title\" href=\"https:\/\/mediation.eveha.fr\/index.php\/jea-visites-a-nort-sur-erdre\/\">JEA &#8211; Visites \u00e0 Nort-sur-Erdre (44)<\/a><div class=\"wp-block-latest-posts__post-excerpt\">\u00c0 l\u2019occasion des Journ\u00e9es Europ\u00e9ennes de l\u2019Arch\u00e9ologie, les 11 et 12 juin derniers, plus de 220 visiteurs \u2013 dont 150 personnes pour le grand public et 72 \u00e9l\u00e8ves en accueil p\u00e9riscolaire \u2013 ont \u00e9t\u00e9 accueillis sur le chantier\u2026 <a class=\"wp-block-latest-posts__read-more\" href=\"https:\/\/mediation.eveha.fr\/index.php\/jea-visites-a-nort-sur-erdre\/\" rel=\"noopener noreferrer\">Lire la suite<span class=\"screen-reader-text\">\u00a0: JEA &#8211; Visites \u00e0 Nort-sur-Erdre (44)<\/span><\/a><\/div><\/li>\n<li><div class=\"wp-block-latest-posts__featured-image aligncenter\"><a href=\"https:\/\/mediation.eveha.fr\/index.php\/on-parle-archeo-en-corse\/\" aria-label=\"On parle arch\u00e9o en Corse !\"><img loading=\"lazy\" decoding=\"async\" width=\"300\" height=\"225\" src=\"https:\/\/mediation.eveha.fr\/wp-content\/uploads\/2025\/06\/IMG_4850-2-300x225.jpg\" class=\"attachment-medium size-medium wp-post-image\" alt=\"\" style=\"\" srcset=\"https:\/\/mediation.eveha.fr\/wp-content\/uploads\/2025\/06\/IMG_4850-2-300x225.jpg 300w, https:\/\/mediation.eveha.fr\/wp-content\/uploads\/2025\/06\/IMG_4850-2-1024x768.jpg 1024w, https:\/\/mediation.eveha.fr\/wp-content\/uploads\/2025\/06\/IMG_4850-2-768x576.jpg 768w, https:\/\/mediation.eveha.fr\/wp-content\/uploads\/2025\/06\/IMG_4850-2-1536x1152.jpg 1536w, https:\/\/mediation.eveha.fr\/wp-content\/uploads\/2025\/06\/IMG_4850-2.jpg 2048w\" sizes=\"auto, (max-width: 300px) 100vw, 300px\" \/><\/a><\/div><a class=\"wp-block-latest-posts__post-title\" href=\"https:\/\/mediation.eveha.fr\/index.php\/on-parle-archeo-en-corse\/\">On parle arch\u00e9o en Corse !<\/a><div class=\"wp-block-latest-posts__post-excerpt\">Nos \u00e9quipes \u00c9veha sont en pr\u00e9sentes en Corse comme ailleurs en France ! Et si nous y r\u00e9alisons des fouilles terrestres comme subaquatiques, nous sommes \u00e9galement l\u00e0 pour animer des ateliers de m\u00e9diation arch\u00e9ologique aupr\u00e8s de tous les\u2026 <a class=\"wp-block-latest-posts__read-more\" href=\"https:\/\/mediation.eveha.fr\/index.php\/on-parle-archeo-en-corse\/\" rel=\"noopener noreferrer\">Lire la suite<span class=\"screen-reader-text\">\u00a0: On parle arch\u00e9o en Corse !<\/span><\/a><\/div><\/li>\n<li><div class=\"wp-block-latest-posts__featured-image aligncenter\"><a href=\"https:\/\/mediation.eveha.fr\/index.php\/jea-programme-eveha\/\" aria-label=\"JEA \u2013 programme \u00c9veha\"><img loading=\"lazy\" decoding=\"async\" width=\"300\" height=\"225\" src=\"https:\/\/mediation.eveha.fr\/wp-content\/uploads\/2025\/06\/Sans-titre-1-300x225.jpg\" class=\"attachment-medium size-medium wp-post-image\" alt=\"\" style=\"\" srcset=\"https:\/\/mediation.eveha.fr\/wp-content\/uploads\/2025\/06\/Sans-titre-1-300x225.jpg 300w, https:\/\/mediation.eveha.fr\/wp-content\/uploads\/2025\/06\/Sans-titre-1-1024x768.jpg 1024w, https:\/\/mediation.eveha.fr\/wp-content\/uploads\/2025\/06\/Sans-titre-1-768x576.jpg 768w, https:\/\/mediation.eveha.fr\/wp-content\/uploads\/2025\/06\/Sans-titre-1-1536x1152.jpg 1536w, https:\/\/mediation.eveha.fr\/wp-content\/uploads\/2025\/06\/Sans-titre-1.jpg 1600w\" sizes=\"auto, (max-width: 300px) 100vw, 300px\" \/><\/a><\/div><a class=\"wp-block-latest-posts__post-title\" href=\"https:\/\/mediation.eveha.fr\/index.php\/jea-programme-eveha\/\">JEA \u2013 programme \u00c9veha<\/a><div class=\"wp-block-latest-posts__post-excerpt\">Cette ann\u00e9e encore, \u00c9veha sera pr\u00e9sent aux JEA gr\u00e2ce \u00e0 l&rsquo;engagement de coll\u00e8gues un peu partout en France. Petit tour d&rsquo;horizon de notre programmation :<\/div><\/li>\n<li><div class=\"wp-block-latest-posts__featured-image aligncenter\"><a href=\"https:\/\/mediation.eveha.fr\/index.php\/scolaires-a-frouzins-31\/\" aria-label=\"Scolaires \u00e0 Frouzins (31)\"><img loading=\"lazy\" decoding=\"async\" width=\"300\" height=\"220\" src=\"https:\/\/mediation.eveha.fr\/wp-content\/uploads\/2025\/06\/frouzins-2-300x220.jpg\" class=\"attachment-medium size-medium wp-post-image\" alt=\"\" style=\"\" srcset=\"https:\/\/mediation.eveha.fr\/wp-content\/uploads\/2025\/06\/frouzins-2-300x220.jpg 300w, https:\/\/mediation.eveha.fr\/wp-content\/uploads\/2025\/06\/frouzins-2-1024x752.jpg 1024w, https:\/\/mediation.eveha.fr\/wp-content\/uploads\/2025\/06\/frouzins-2-768x564.jpg 768w, https:\/\/mediation.eveha.fr\/wp-content\/uploads\/2025\/06\/frouzins-2-1536x1127.jpg 1536w, https:\/\/mediation.eveha.fr\/wp-content\/uploads\/2025\/06\/frouzins-2.jpg 2048w\" sizes=\"auto, (max-width: 300px) 100vw, 300px\" \/><\/a><\/div><a class=\"wp-block-latest-posts__post-title\" href=\"https:\/\/mediation.eveha.fr\/index.php\/scolaires-a-frouzins-31\/\">Scolaires \u00e0 Frouzins (31)<\/a><div class=\"wp-block-latest-posts__post-excerpt\">Au mois de mai, les \u00e9l\u00e8ves des 4 classes de l&rsquo;\u00e9cole de Frouzins (31) bordant la fouille arch\u00e9ologique pr\u00e9ventive men\u00e9e par \u00c9veha ont pu visiter cette derni\u00e8re ! Guid\u00e9s par nos m\u00e9diateurs, ils ont d\u00e9couvert le site et\u2026 <a class=\"wp-block-latest-posts__read-more\" href=\"https:\/\/mediation.eveha.fr\/index.php\/scolaires-a-frouzins-31\/\" rel=\"noopener noreferrer\">Lire la suite<span class=\"screen-reader-text\">\u00a0: Scolaires \u00e0 Frouzins (31)<\/span><\/a><\/div><\/li>\n<li><div class=\"wp-block-latest-posts__featured-image aligncenter\"><a href=\"https:\/\/mediation.eveha.fr\/index.php\/portes-ouvertes-au-spernot-29\/\" aria-label=\"Portes ouvertes au Spernot (29)\"><img loading=\"lazy\" decoding=\"async\" width=\"300\" height=\"225\" src=\"https:\/\/mediation.eveha.fr\/wp-content\/uploads\/2025\/04\/Spernot7-300x225.jpeg\" class=\"attachment-medium size-medium wp-post-image\" alt=\"\" style=\"\" srcset=\"https:\/\/mediation.eveha.fr\/wp-content\/uploads\/2025\/04\/Spernot7-300x225.jpeg 300w, https:\/\/mediation.eveha.fr\/wp-content\/uploads\/2025\/04\/Spernot7-768x577.jpeg 768w, https:\/\/mediation.eveha.fr\/wp-content\/uploads\/2025\/04\/Spernot7.jpeg 1023w\" sizes=\"auto, (max-width: 300px) 100vw, 300px\" \/><\/a><\/div><a class=\"wp-block-latest-posts__post-title\" href=\"https:\/\/mediation.eveha.fr\/index.php\/portes-ouvertes-au-spernot-29\/\">Portes ouvertes au Spernot (29)<\/a><div class=\"wp-block-latest-posts__post-excerpt\">Durant deux jours, plus de 130 visiteurs ont eu la chance de passer dans les coulisses du chantier de fouille du site du Spernot \u00e0 Brest (29) ! Petits et grands, de 7 \u00e0 77 ans (et plus\u2026 <a class=\"wp-block-latest-posts__read-more\" href=\"https:\/\/mediation.eveha.fr\/index.php\/portes-ouvertes-au-spernot-29\/\" rel=\"noopener noreferrer\">Lire la suite<span class=\"screen-reader-text\">\u00a0: Portes ouvertes au Spernot (29)<\/span><\/a><\/div><\/li>\n<li><div class=\"wp-block-latest-posts__featured-image aligncenter\"><a href=\"https:\/\/mediation.eveha.fr\/index.php\/atelier-a-ussel-19\/\" aria-label=\"Atelier \u00e0 USSEL (19) !\"><img loading=\"lazy\" decoding=\"async\" width=\"300\" height=\"225\" src=\"https:\/\/mediation.eveha.fr\/wp-content\/uploads\/2024\/12\/2024-eac-ussel-billet-300x225.jpg\" class=\"attachment-medium size-medium wp-post-image\" alt=\"\" style=\"\" srcset=\"https:\/\/mediation.eveha.fr\/wp-content\/uploads\/2024\/12\/2024-eac-ussel-billet-300x225.jpg 300w, https:\/\/mediation.eveha.fr\/wp-content\/uploads\/2024\/12\/2024-eac-ussel-billet-1024x768.jpg 1024w, https:\/\/mediation.eveha.fr\/wp-content\/uploads\/2024\/12\/2024-eac-ussel-billet-768x576.jpg 768w, https:\/\/mediation.eveha.fr\/wp-content\/uploads\/2024\/12\/2024-eac-ussel-billet.jpg 1200w\" sizes=\"auto, (max-width: 300px) 100vw, 300px\" \/><\/a><\/div><a class=\"wp-block-latest-posts__post-title\" href=\"https:\/\/mediation.eveha.fr\/index.php\/atelier-a-ussel-19\/\">Atelier \u00e0 USSEL (19) !<\/a><div class=\"wp-block-latest-posts__post-excerpt\">D\u00e9but d\u00e9cembre, nous sommes intervenus aupr\u00e8s des 6e-5e SEGPA du coll\u00e8ge Voltaire d&rsquo;Ussel (19) pour animer notre atelier \u00ab Soyons fouille ! \u00bb. Pendant 1h30, les \u00e9l\u00e8ves devaient ainsi explorer la notion de stratigraphie, identifier les membres d&rsquo;une\u2026 <a class=\"wp-block-latest-posts__read-more\" href=\"https:\/\/mediation.eveha.fr\/index.php\/atelier-a-ussel-19\/\" rel=\"noopener noreferrer\">Lire la suite<span class=\"screen-reader-text\">\u00a0: Atelier \u00e0 USSEL (19) !<\/span><\/a><\/div><\/li>\n<li><div class=\"wp-block-latest-posts__featured-image aligncenter\"><a href=\"https:\/\/mediation.eveha.fr\/index.php\/forums-des-etudiants-2024\/\" aria-label=\"Forums des \u00c9tudiants 2024\"><img loading=\"lazy\" decoding=\"async\" width=\"300\" height=\"225\" src=\"https:\/\/mediation.eveha.fr\/wp-content\/uploads\/2024\/12\/2024-La-tete-de-l_emploi-toulouse-univ-jean-jaures3-300x225.jpg\" class=\"attachment-medium size-medium wp-post-image\" alt=\"\" style=\"\" srcset=\"https:\/\/mediation.eveha.fr\/wp-content\/uploads\/2024\/12\/2024-La-tete-de-l_emploi-toulouse-univ-jean-jaures3-300x225.jpg 300w, https:\/\/mediation.eveha.fr\/wp-content\/uploads\/2024\/12\/2024-La-tete-de-l_emploi-toulouse-univ-jean-jaures3-1024x768.jpg 1024w, https:\/\/mediation.eveha.fr\/wp-content\/uploads\/2024\/12\/2024-La-tete-de-l_emploi-toulouse-univ-jean-jaures3-768x576.jpg 768w, https:\/\/mediation.eveha.fr\/wp-content\/uploads\/2024\/12\/2024-La-tete-de-l_emploi-toulouse-univ-jean-jaures3.jpg 1200w\" sizes=\"auto, (max-width: 300px) 100vw, 300px\" \/><\/a><\/div><a class=\"wp-block-latest-posts__post-title\" href=\"https:\/\/mediation.eveha.fr\/index.php\/forums-des-etudiants-2024\/\">Forums des \u00c9tudiants 2024<\/a><div class=\"wp-block-latest-posts__post-excerpt\">\u00c9veha \u00e0 la rencontre des \u00e9tudiants : forums et \u00e9changes enrichissants ! R\u00e9cemment, deux de nos agences ont eu l&rsquo;opportunit\u00e9 de repr\u00e9senter \u00c9veha et ses m\u00e9tiers lors de forums \u00e9tudiants, permettant ainsi \u00e0 de jeunes talents de d\u00e9couvrir\u2026 <a class=\"wp-block-latest-posts__read-more\" href=\"https:\/\/mediation.eveha.fr\/index.php\/forums-des-etudiants-2024\/\" rel=\"noopener noreferrer\">Lire la suite<span class=\"screen-reader-text\">\u00a0: Forums des \u00c9tudiants 2024<\/span><\/a><\/div><\/li>\n<li><div class=\"wp-block-latest-posts__featured-image aligncenter\"><a href=\"https:\/\/mediation.eveha.fr\/index.php\/etude-dun-site-fictif-a-ermont-95\/\" aria-label=\"\u00c9tude d&rsquo;un site fictif \u00e0 ERMONT (95)\"><img loading=\"lazy\" decoding=\"async\" width=\"300\" height=\"226\" src=\"https:\/\/mediation.eveha.fr\/wp-content\/uploads\/2024\/12\/2024-Ermont_L.-V.-Gogh1.resized-300x226.png\" class=\"attachment-medium size-medium wp-post-image\" alt=\"\" style=\"\" srcset=\"https:\/\/mediation.eveha.fr\/wp-content\/uploads\/2024\/12\/2024-Ermont_L.-V.-Gogh1.resized-300x226.png 300w, https:\/\/mediation.eveha.fr\/wp-content\/uploads\/2024\/12\/2024-Ermont_L.-V.-Gogh1.resized-768x579.png 768w, https:\/\/mediation.eveha.fr\/wp-content\/uploads\/2024\/12\/2024-Ermont_L.-V.-Gogh1.resized.png 1019w\" sizes=\"auto, (max-width: 300px) 100vw, 300px\" \/><\/a><\/div><a class=\"wp-block-latest-posts__post-title\" href=\"https:\/\/mediation.eveha.fr\/index.php\/etude-dun-site-fictif-a-ermont-95\/\">\u00c9tude d&rsquo;un site fictif \u00e0 ERMONT (95)<\/a><div class=\"wp-block-latest-posts__post-excerpt\">En octobre dernier, une arch\u00e9ologue-m\u00e9diatrice de l&rsquo;agence \u00c9veha d&rsquo;Ivry a anim\u00e9 un de nos nouveaux ateliers p\u00e9dagogiques au sein du lyc\u00e9e Van Gogh ! Les \u00e9l\u00e8ves de seconde ont ainsi pu plonger dans le monde de l&rsquo;arch\u00e9ologie en\u2026 <a class=\"wp-block-latest-posts__read-more\" href=\"https:\/\/mediation.eveha.fr\/index.php\/etude-dun-site-fictif-a-ermont-95\/\" rel=\"noopener noreferrer\">Lire la suite<span class=\"screen-reader-text\">\u00a0: \u00c9tude d&rsquo;un site fictif \u00e0 ERMONT (95)<\/span><\/a><\/div><\/li>\n<li><div class=\"wp-block-latest-posts__featured-image aligncenter\"><a href=\"https:\/\/mediation.eveha.fr\/index.php\/festival-explorscience-2024\/\" aria-label=\"Festival EXPLOR&rsquo;SCIENCE 2024\"><img loading=\"lazy\" decoding=\"async\" width=\"300\" height=\"225\" src=\"https:\/\/mediation.eveha.fr\/wp-content\/uploads\/2024\/10\/carcassone7.resized-300x225.jpg\" class=\"attachment-medium size-medium wp-post-image\" alt=\"\" style=\"\" srcset=\"https:\/\/mediation.eveha.fr\/wp-content\/uploads\/2024\/10\/carcassone7.resized-300x225.jpg 300w, https:\/\/mediation.eveha.fr\/wp-content\/uploads\/2024\/10\/carcassone7.resized-768x576.jpg 768w, https:\/\/mediation.eveha.fr\/wp-content\/uploads\/2024\/10\/carcassone7.resized.jpg 1024w\" sizes=\"auto, (max-width: 300px) 100vw, 300px\" \/><\/a><\/div><a class=\"wp-block-latest-posts__post-title\" href=\"https:\/\/mediation.eveha.fr\/index.php\/festival-explorscience-2024\/\">Festival EXPLOR&rsquo;SCIENCE 2024<\/a><div class=\"wp-block-latest-posts__post-excerpt\">Lors de la F\u00eate de la Science les 8 et 9 octobre derniers sous les Halles Prosper Montagn\u00e9 de Carcassonne, notre \u00e9quipe de r\u00e9f\u00e9rents m\u00e9diation de l&rsquo;agence de Toulouse a permis \u00e0 des centaines de visiteurs, petits et\u2026 <a class=\"wp-block-latest-posts__read-more\" href=\"https:\/\/mediation.eveha.fr\/index.php\/festival-explorscience-2024\/\" rel=\"noopener noreferrer\">Lire la suite<span class=\"screen-reader-text\">\u00a0: Festival EXPLOR&rsquo;SCIENCE 2024<\/span><\/a><\/div><\/li>\n<li><div class=\"wp-block-latest-posts__featured-image aligncenter\"><a href=\"https:\/\/mediation.eveha.fr\/index.php\/projet-pitcher-a-paris\/\" aria-label=\"Projet PITCHER \u00e0 Paris\"><img loading=\"lazy\" decoding=\"async\" width=\"300\" height=\"225\" src=\"https:\/\/mediation.eveha.fr\/wp-content\/uploads\/2024\/10\/694c76_71d05989a1be453499b1950169cc29d2mv2.resized-300x225.webp\" class=\"attachment-medium size-medium wp-post-image\" alt=\"\" style=\"\" srcset=\"https:\/\/mediation.eveha.fr\/wp-content\/uploads\/2024\/10\/694c76_71d05989a1be453499b1950169cc29d2mv2.resized-300x225.webp 300w, https:\/\/mediation.eveha.fr\/wp-content\/uploads\/2024\/10\/694c76_71d05989a1be453499b1950169cc29d2mv2.resized-768x576.webp 768w, https:\/\/mediation.eveha.fr\/wp-content\/uploads\/2024\/10\/694c76_71d05989a1be453499b1950169cc29d2mv2.resized.webp 1024w\" sizes=\"auto, (max-width: 300px) 100vw, 300px\" \/><\/a><\/div><a class=\"wp-block-latest-posts__post-title\" href=\"https:\/\/mediation.eveha.fr\/index.php\/projet-pitcher-a-paris\/\">Projet PITCHER \u00e0 Paris<\/a><div class=\"wp-block-latest-posts__post-excerpt\">Le 2 octobre dernier \u00e0 l&rsquo;Institut National de l&rsquo;Histoire de l&rsquo;Art, plus de 150 personnes &#8211; acteurs de la culture, de la protection du patrimoine, enseignants, p\u00e9dagogues et m\u00e9diateurs culturels &#8211; se sont retrouv\u00e9s \u00e0 l&rsquo;occasion de la\u2026 <a class=\"wp-block-latest-posts__read-more\" href=\"https:\/\/mediation.eveha.fr\/index.php\/projet-pitcher-a-paris\/\" rel=\"noopener noreferrer\">Lire la suite<span class=\"screen-reader-text\">\u00a0: Projet PITCHER \u00e0 Paris<\/span><\/a><\/div><\/li>\n<li><div class=\"wp-block-latest-posts__featured-image aligncenter\"><a href=\"https:\/\/mediation.eveha.fr\/index.php\/jep-eveha-ouvre-ses-portes\/\" aria-label=\"JEP : \u00c9veha ouvre ses portes !\"><img loading=\"lazy\" decoding=\"async\" width=\"300\" height=\"225\" src=\"https:\/\/mediation.eveha.fr\/wp-content\/uploads\/2024\/10\/461150020_836806498658337_7274819603655414891_n-1536x1024-1-300x225.jpg\" class=\"attachment-medium size-medium wp-post-image\" alt=\"\" style=\"\" srcset=\"https:\/\/mediation.eveha.fr\/wp-content\/uploads\/2024\/10\/461150020_836806498658337_7274819603655414891_n-1536x1024-1-300x225.jpg 300w, https:\/\/mediation.eveha.fr\/wp-content\/uploads\/2024\/10\/461150020_836806498658337_7274819603655414891_n-1536x1024-1-1024x768.jpg 1024w, https:\/\/mediation.eveha.fr\/wp-content\/uploads\/2024\/10\/461150020_836806498658337_7274819603655414891_n-1536x1024-1-768x576.jpg 768w, https:\/\/mediation.eveha.fr\/wp-content\/uploads\/2024\/10\/461150020_836806498658337_7274819603655414891_n-1536x1024-1-1536x1152.jpg 1536w, https:\/\/mediation.eveha.fr\/wp-content\/uploads\/2024\/10\/461150020_836806498658337_7274819603655414891_n-1536x1024-1.jpg 1600w\" sizes=\"auto, (max-width: 300px) 100vw, 300px\" \/><\/a><\/div><a class=\"wp-block-latest-posts__post-title\" href=\"https:\/\/mediation.eveha.fr\/index.php\/jep-eveha-ouvre-ses-portes\/\">JEP : \u00c9veha ouvre ses portes !<\/a><div class=\"wp-block-latest-posts__post-excerpt\">\u00c0 l\u2019occasion des Journ\u00e9es europ\u00e9ennes du Patrimoine 2024 et pour la premi\u00e8re fois, nos agences de Rennes et de Limoges ont ouvert leurs portes au grand public ! Au cours du samedi 21 septembre, pr\u00e8s de 300 personnes\u2026 <a class=\"wp-block-latest-posts__read-more\" href=\"https:\/\/mediation.eveha.fr\/index.php\/jep-eveha-ouvre-ses-portes\/\" rel=\"noopener noreferrer\">Lire la suite<span class=\"screen-reader-text\">\u00a0: JEP : \u00c9veha ouvre ses portes !<\/span><\/a><\/div><\/li>\n<li><div class=\"wp-block-latest-posts__featured-image aligncenter\"><a href=\"https:\/\/mediation.eveha.fr\/index.php\/on-sexpose-au-musee-borda\/\" aria-label=\"On s&rsquo;expose au mus\u00e9e Borda !\"><img loading=\"lazy\" decoding=\"async\" width=\"300\" height=\"225\" src=\"https:\/\/mediation.eveha.fr\/wp-content\/uploads\/2024\/10\/dax_article_eveha-300x225.jpg\" class=\"attachment-medium size-medium wp-post-image\" alt=\"\" style=\"\" srcset=\"https:\/\/mediation.eveha.fr\/wp-content\/uploads\/2024\/10\/dax_article_eveha-300x225.jpg 300w, https:\/\/mediation.eveha.fr\/wp-content\/uploads\/2024\/10\/dax_article_eveha-1024x768.jpg 1024w, https:\/\/mediation.eveha.fr\/wp-content\/uploads\/2024\/10\/dax_article_eveha-768x576.jpg 768w, https:\/\/mediation.eveha.fr\/wp-content\/uploads\/2024\/10\/dax_article_eveha-1536x1152.jpg 1536w, https:\/\/mediation.eveha.fr\/wp-content\/uploads\/2024\/10\/dax_article_eveha.jpg 1600w\" sizes=\"auto, (max-width: 300px) 100vw, 300px\" \/><\/a><\/div><a class=\"wp-block-latest-posts__post-title\" href=\"https:\/\/mediation.eveha.fr\/index.php\/on-sexpose-au-musee-borda\/\">On s&rsquo;expose au mus\u00e9e Borda !<\/a><div class=\"wp-block-latest-posts__post-excerpt\">Apr\u00e8s trois ans de travaux, le site exceptionnel du mus\u00e9e Borda-rue Cazade a enfin rouvert ses portes fin septembre \u00e0 Dax ! Mis au jour lors de travaux en 1978, les vestiges d\u2019une basilique civile gallo-romaine, sont aujourd\u2019hui\u2026 <a class=\"wp-block-latest-posts__read-more\" href=\"https:\/\/mediation.eveha.fr\/index.php\/on-sexpose-au-musee-borda\/\" rel=\"noopener noreferrer\">Lire la suite<span class=\"screen-reader-text\">\u00a0: On s&rsquo;expose au mus\u00e9e Borda !<\/span><\/a><\/div><\/li>\n<li><div class=\"wp-block-latest-posts__featured-image aligncenter\"><a href=\"https:\/\/mediation.eveha.fr\/index.php\/journees-europeennes-de-larcheologie-2024\/\" aria-label=\"Journ\u00e9es europ\u00e9ennes de l\u2019Arch\u00e9ologie 2024\"><img loading=\"lazy\" decoding=\"async\" width=\"300\" height=\"225\" src=\"https:\/\/mediation.eveha.fr\/wp-content\/uploads\/2024\/06\/2408_INR-JEA2024-RS-FRA-1080x1080-02-300x225.png\" class=\"attachment-medium size-medium wp-post-image\" alt=\"\" style=\"\" srcset=\"https:\/\/mediation.eveha.fr\/wp-content\/uploads\/2024\/06\/2408_INR-JEA2024-RS-FRA-1080x1080-02-300x225.png 300w, https:\/\/mediation.eveha.fr\/wp-content\/uploads\/2024\/06\/2408_INR-JEA2024-RS-FRA-1080x1080-02-1024x768.png 1024w, https:\/\/mediation.eveha.fr\/wp-content\/uploads\/2024\/06\/2408_INR-JEA2024-RS-FRA-1080x1080-02-768x576.png 768w, https:\/\/mediation.eveha.fr\/wp-content\/uploads\/2024\/06\/2408_INR-JEA2024-RS-FRA-1080x1080-02-1536x1152.png 1536w, https:\/\/mediation.eveha.fr\/wp-content\/uploads\/2024\/06\/2408_INR-JEA2024-RS-FRA-1080x1080-02.png 1600w\" sizes=\"auto, (max-width: 300px) 100vw, 300px\" \/><\/a><\/div><a class=\"wp-block-latest-posts__post-title\" href=\"https:\/\/mediation.eveha.fr\/index.php\/journees-europeennes-de-larcheologie-2024\/\">Journ\u00e9es europ\u00e9ennes de l\u2019Arch\u00e9ologie 2024<\/a><div class=\"wp-block-latest-posts__post-excerpt\">\u00c0 l\u2019occasion des Journ\u00e9es europ\u00e9ennes de l\u2019Arch\u00e9ologie, \u00c9veha se mobilise pour ouvrir ses chantiers, animer des ateliers ou encore pr\u00e9senter ses recherches lors de conf\u00e9rences. Voici le programme !<\/div><\/li>\n<li><div class=\"wp-block-latest-posts__featured-image aligncenter\"><a href=\"https:\/\/mediation.eveha.fr\/index.php\/des-cm-a-dax\/\" aria-label=\"Des CM \u00e0 Dax\"><img loading=\"lazy\" decoding=\"async\" width=\"300\" height=\"225\" src=\"https:\/\/mediation.eveha.fr\/wp-content\/uploads\/2024\/04\/scolaires_dax.jpg\" class=\"attachment-medium size-medium wp-post-image\" alt=\"\" style=\"\" \/><\/a><\/div><a class=\"wp-block-latest-posts__post-title\" href=\"https:\/\/mediation.eveha.fr\/index.php\/des-cm-a-dax\/\">Des CM \u00e0 Dax<\/a><div class=\"wp-block-latest-posts__post-excerpt\">Les \u00e9l\u00e8ves de l&rsquo;\u00e9cole Sully d\u00e9couvrent les fouilles men\u00e9es \u00e0 c\u00f4t\u00e9 de leur \u00e9cole. Les fouilles arch\u00e9ologiques men\u00e9es Boulevard Saint-Pierre r\u00e9v\u00e8lent depuis plusieurs mois les vestiges d&rsquo;une occupation antique situ\u00e9e en bordure de l&rsquo;agglom\u00e9ration. \u00c0 l&rsquo;occasion d&rsquo;un apr\u00e8s-midi\u2026 <a class=\"wp-block-latest-posts__read-more\" href=\"https:\/\/mediation.eveha.fr\/index.php\/des-cm-a-dax\/\" rel=\"noopener noreferrer\">Lire la suite<span class=\"screen-reader-text\">\u00a0: Des CM \u00e0 Dax<\/span><\/a><\/div><\/li>\n<li><div class=\"wp-block-latest-posts__featured-image aligncenter\"><a href=\"https:\/\/mediation.eveha.fr\/index.php\/creation-dun-jeu-pour-raconter-levolution-du-lac-de-sanguinet\/\" aria-label=\"Cr\u00e9ation d&rsquo;un jeu pour raconter l&rsquo;\u00e9volution du lac de Sanguinet\"><img loading=\"lazy\" decoding=\"async\" width=\"300\" height=\"225\" src=\"https:\/\/mediation.eveha.fr\/wp-content\/uploads\/2023\/09\/unnamed-1.jpg\" class=\"attachment-medium size-medium wp-post-image\" alt=\"\" style=\"\" \/><\/a><\/div><a class=\"wp-block-latest-posts__post-title\" href=\"https:\/\/mediation.eveha.fr\/index.php\/creation-dun-jeu-pour-raconter-levolution-du-lac-de-sanguinet\/\">Cr\u00e9ation d&rsquo;un jeu pour raconter l&rsquo;\u00e9volution du lac de Sanguinet<\/a><div class=\"wp-block-latest-posts__post-excerpt\">Le lac de Sanguinet fait l&rsquo;objet, depuis plus de cinquante ans, de recherches arch\u00e9ologiques pour en explorer l&rsquo;histoire multi-mill\u00e9naire.<\/div><\/li>\n<li><div class=\"wp-block-latest-posts__featured-image aligncenter\"><a href=\"https:\/\/mediation.eveha.fr\/index.php\/mediation-a-bugeat\/\" aria-label=\"M\u00e9diation \u00e0 Bugeat\"><img loading=\"lazy\" decoding=\"async\" width=\"300\" height=\"225\" src=\"https:\/\/mediation.eveha.fr\/wp-content\/uploads\/2023\/08\/2023-bugeat-mediation-visites-1.jpg\" class=\"attachment-medium size-medium wp-post-image\" alt=\"\" style=\"\" \/><\/a><\/div><a class=\"wp-block-latest-posts__post-title\" href=\"https:\/\/mediation.eveha.fr\/index.php\/mediation-a-bugeat\/\">M\u00e9diation \u00e0 Bugeat<\/a><div class=\"wp-block-latest-posts__post-excerpt\">\u00c0 Bugeat, le site du Champ du Palais r\u00e9v\u00e8le ann\u00e9es apr\u00e8s ann\u00e9es les vestiges d&rsquo;une villa antique dans le cadre des recherches programm\u00e9es dirig\u00e9es par Aur\u00e9lien Sartou.<\/div><\/li>\n<li><div class=\"wp-block-latest-posts__featured-image aligncenter\"><a href=\"https:\/\/mediation.eveha.fr\/index.php\/la-villa-danton-pierre-buffiere\/\" aria-label=\"Du mat\u00e9riel pour la villa d&rsquo;Anton !\"><img loading=\"lazy\" decoding=\"async\" width=\"300\" height=\"225\" src=\"https:\/\/mediation.eveha.fr\/wp-content\/uploads\/2023\/09\/P1010567-light.jpg\" class=\"attachment-medium size-medium wp-post-image\" alt=\"\" style=\"\" \/><\/a><\/div><a class=\"wp-block-latest-posts__post-title\" href=\"https:\/\/mediation.eveha.fr\/index.php\/la-villa-danton-pierre-buffiere\/\">Du mat\u00e9riel pour la villa d&rsquo;Anton !<\/a><div class=\"wp-block-latest-posts__post-excerpt\">\u00c0 Pierre-Buffi\u00e8re (87) se trouvent les vestiges d&rsquo;une occupation antique majeure dont la valorisation repose essentiellement sur le maillage associatif.<\/div><\/li>\n<li><div class=\"wp-block-latest-posts__featured-image aligncenter\"><a href=\"https:\/\/mediation.eveha.fr\/index.php\/la-formation-des-guides-a-chateauneuf\/\" aria-label=\"La formation des guides de Ch\u00e2teauneuf (21)\"><img loading=\"lazy\" decoding=\"async\" width=\"300\" height=\"225\" src=\"https:\/\/mediation.eveha.fr\/wp-content\/uploads\/2024\/02\/chateaneuf_header.jpg\" class=\"attachment-medium size-medium wp-post-image\" alt=\"\" style=\"\" \/><\/a><\/div><a class=\"wp-block-latest-posts__post-title\" href=\"https:\/\/mediation.eveha.fr\/index.php\/la-formation-des-guides-a-chateauneuf\/\">La formation des guides de Ch\u00e2teauneuf (21)<\/a><div class=\"wp-block-latest-posts__post-excerpt\">Le site de Ch\u00e2teauneuf fait peau neuve et engage depuis plusieurs ann\u00e9es de nombreux travaux pour permettre un meilleur accueil du public<\/div><\/li>\n<li><div class=\"wp-block-latest-posts__featured-image aligncenter\"><a href=\"https:\/\/mediation.eveha.fr\/index.php\/une-exposition-en-bretagne\/\" aria-label=\"Une exposition en Bretagne\"><img loading=\"lazy\" decoding=\"async\" width=\"300\" height=\"225\" src=\"https:\/\/mediation.eveha.fr\/wp-content\/uploads\/2024\/02\/meneac_atelier1.jpeg\" class=\"attachment-medium size-medium wp-post-image\" alt=\"\" style=\"\" \/><\/a><\/div><a class=\"wp-block-latest-posts__post-title\" href=\"https:\/\/mediation.eveha.fr\/index.php\/une-exposition-en-bretagne\/\">Une exposition en Bretagne<\/a><div class=\"wp-block-latest-posts__post-excerpt\">Au terme des recherches arch\u00e9ologiques pr\u00e9ventives men\u00e9es sur le site de M\u00e9n\u00e9ac &#8211; L&rsquo;\u00c9pine Fort en 2020, la commune a souhait\u00e9 pouvoir offrir \u00e0 ses administr\u00e9s une pr\u00e9sentation des d\u00e9couvertes. Le service de m\u00e9diation d&rsquo;\u00c9veha a alors travaill\u00e9\u2026 <a class=\"wp-block-latest-posts__read-more\" href=\"https:\/\/mediation.eveha.fr\/index.php\/une-exposition-en-bretagne\/\" rel=\"noopener noreferrer\">Lire la suite<span class=\"screen-reader-text\">\u00a0: Une exposition en Bretagne<\/span><\/a><\/div><\/li>\n<li><div class=\"wp-block-latest-posts__featured-image aligncenter\"><a href=\"https:\/\/mediation.eveha.fr\/index.php\/mediation-a-argentomagus\/\" aria-label=\"M\u00e9diation \u00e0 Argentomagus\"><img loading=\"lazy\" decoding=\"async\" width=\"300\" height=\"225\" src=\"https:\/\/mediation.eveha.fr\/wp-content\/uploads\/2023\/08\/DSCF2556-1.jpg\" class=\"attachment-medium size-medium wp-post-image\" alt=\"m\u00e9diation \u00c9veha\" style=\"\" \/><\/a><\/div><a class=\"wp-block-latest-posts__post-title\" href=\"https:\/\/mediation.eveha.fr\/index.php\/mediation-a-argentomagus\/\">M\u00e9diation \u00e0 Argentomagus<\/a><div class=\"wp-block-latest-posts__post-excerpt\">Depuis maintenant trois ans, l\u2019\u00e9quipe m\u00e9diation d\u2019\u00c9veha accompagne les recherches arch\u00e9ologiques programm\u00e9es port\u00e9es par Simon Girond sur le site d\u2019Argentomagus (Argenton-sur-Creuse) en proposant une journ\u00e9e d&rsquo;ateliers pour les enfants.<\/div><\/li>\n<li><div class=\"wp-block-latest-posts__featured-image aligncenter\"><a href=\"https:\/\/mediation.eveha.fr\/index.php\/college-aime-cesaire\/\" aria-label=\"Coll\u00e8ge Aim\u00e9 C\u00e9saire (91) &#8211; Journ\u00e9e de l&rsquo;Antiquit\u00e9\"><img loading=\"lazy\" decoding=\"async\" width=\"300\" height=\"225\" src=\"https:\/\/mediation.eveha.fr\/wp-content\/uploads\/2024\/03\/anthropo_module-1.jpg\" class=\"attachment-medium size-medium wp-post-image\" alt=\"anthropologie eveha mediation\" style=\"\" \/><\/a><\/div><a class=\"wp-block-latest-posts__post-title\" href=\"https:\/\/mediation.eveha.fr\/index.php\/college-aime-cesaire\/\">Coll\u00e8ge Aim\u00e9 C\u00e9saire (91) &#8211; Journ\u00e9e de l&rsquo;Antiquit\u00e9<\/a><div class=\"wp-block-latest-posts__post-excerpt\">Lors de cette \u00ab&nbsp;journ\u00e9e de l&rsquo;Antiquit\u00e9 \u00bb organis\u00e9e par le coll\u00e8ge Aim\u00e9 C\u00e9saire, les \u00e9l\u00e8ves partiront \u00e0 la d\u00e9couverte du monde de l&rsquo;arch\u00e9ologie \u00e0 travers l&rsquo;animation de deux ateliers p\u00e9dagogiques.<\/div><\/li>\n<li><div class=\"wp-block-latest-posts__featured-image aligncenter\"><a href=\"https:\/\/mediation.eveha.fr\/index.php\/college-maurois\/\" aria-label=\"Coll\u00e8ge Maurois (87) &#8211; L&rsquo;Odyss\u00e9e d&rsquo;Ulysse\"><img loading=\"lazy\" decoding=\"async\" width=\"300\" height=\"225\" src=\"https:\/\/mediation.eveha.fr\/wp-content\/uploads\/2024\/03\/IMG_20220509_170500_Bokeh.jpeg\" class=\"attachment-medium size-medium wp-post-image\" alt=\"\" style=\"\" \/><\/a><\/div><a class=\"wp-block-latest-posts__post-title\" href=\"https:\/\/mediation.eveha.fr\/index.php\/college-maurois\/\">Coll\u00e8ge Maurois (87) &#8211; L&rsquo;Odyss\u00e9e d&rsquo;Ulysse<\/a><div class=\"wp-block-latest-posts__post-excerpt\">Ce projet initi\u00e9 par le corps enseignant a \u00e9t\u00e9 construit autour de l&rsquo;Odyss\u00e9e d&rsquo;Hom\u00e8re.<\/div><\/li>\n<li><div class=\"wp-block-latest-posts__featured-image aligncenter\"><a href=\"https:\/\/mediation.eveha.fr\/index.php\/dax-des-panneaux-pour-expliquer-les-fouilles-en-cours\/\" aria-label=\"Coll\u00e8ge Beaupeyrat (87) &#8211; Du bois pour Limoges\"><img loading=\"lazy\" decoding=\"async\" width=\"300\" height=\"225\" src=\"https:\/\/mediation.eveha.fr\/wp-content\/uploads\/2024\/02\/IMG_20230916_153626-light-1.jpg\" class=\"attachment-medium size-medium wp-post-image\" alt=\"\" style=\"\" \/><\/a><\/div><a class=\"wp-block-latest-posts__post-title\" href=\"https:\/\/mediation.eveha.fr\/index.php\/dax-des-panneaux-pour-expliquer-les-fouilles-en-cours\/\">Coll\u00e8ge Beaupeyrat (87) &#8211; Du bois pour Limoges<\/a><div class=\"wp-block-latest-posts__post-excerpt\">Dans la peau d&rsquo;un dendrochronologue Cette animation p\u00e9dagogique a \u00e9t\u00e9 propos\u00e9e dans le cadre du programme collectif de recherche (PCR) lanc\u00e9 en 2020 autour de l&rsquo;origine du bois utilis\u00e9 \u00e0 Limoges du XVe au XIXe s&#8230; Par l&rsquo;observation\u2026 <a class=\"wp-block-latest-posts__read-more\" href=\"https:\/\/mediation.eveha.fr\/index.php\/dax-des-panneaux-pour-expliquer-les-fouilles-en-cours\/\" rel=\"noopener noreferrer\">Lire la suite<span class=\"screen-reader-text\">\u00a0: Coll\u00e8ge Beaupeyrat (87) &#8211; Du bois pour Limoges<\/span><\/a><\/div><\/li>\n<li><div class=\"wp-block-latest-posts__featured-image aligncenter\"><a href=\"https:\/\/mediation.eveha.fr\/index.php\/portes-ouvertes-a-sorigny\/\" aria-label=\"Portes ouvertes \u00e0 Sorigny !\"><img loading=\"lazy\" decoding=\"async\" width=\"300\" height=\"225\" src=\"https:\/\/mediation.eveha.fr\/wp-content\/uploads\/2024\/02\/IMG_20230504_165214.resized.jpg\" class=\"attachment-medium size-medium wp-post-image\" alt=\"\" style=\"\" \/><\/a><\/div><a class=\"wp-block-latest-posts__post-title\" href=\"https:\/\/mediation.eveha.fr\/index.php\/portes-ouvertes-a-sorigny\/\">Portes ouvertes \u00e0 Sorigny !<\/a><div class=\"wp-block-latest-posts__post-excerpt\">Le site ZAC du Four \u00e0 Chaux a ouvert ses portes aux grands et aux petits. Le site de Sorigny-ZAC du Four \u00e0 Chaux livre des vestiges arch\u00e9ologiques exceptionnels allant du N\u00e9olithique au Moyen \u00c2ge. \u00c0 l&rsquo;occasion des\u2026 <a class=\"wp-block-latest-posts__read-more\" href=\"https:\/\/mediation.eveha.fr\/index.php\/portes-ouvertes-a-sorigny\/\" rel=\"noopener noreferrer\">Lire la suite<span class=\"screen-reader-text\">\u00a0: Portes ouvertes \u00e0 Sorigny !<\/span><\/a><\/div><\/li>\n<\/ul>","protected":false},"excerpt":{"rendered":"","protected":false},"author":3,"featured_media":0,"parent":0,"menu_order":0,"comment_status":"closed","ping_status":"closed","template":"","meta":{"_crdt_document":"","inline_featured_image":false,"footnotes":""},"class_list":["post-1996","page","type-page","status-publish","hentry"],"_links":{"self":[{"href":"https:\/\/mediation.eveha.fr\/index.php\/wp-json\/wp\/v2\/pages\/1996","targetHints":{"allow":["GET"]}}],"collection":[{"href":"https:\/\/mediation.eveha.fr\/index.php\/wp-json\/wp\/v2\/pages"}],"about":[{"href":"https:\/\/mediation.eveha.fr\/index.php\/wp-json\/wp\/v2\/types\/page"}],"author":[{"embeddable":true,"href":"https:\/\/mediation.eveha.fr\/index.php\/wp-json\/wp\/v2\/users\/3"}],"replies":[{"embeddable":true,"href":"https:\/\/mediation.eveha.fr\/index.php\/wp-json\/wp\/v2\/comments?post=1996"}],"version-history":[{"count":10,"href":"https:\/\/mediation.eveha.fr\/index.php\/wp-json\/wp\/v2\/pages\/1996\/revisions"}],"predecessor-version":[{"id":3413,"href":"https:\/\/mediation.eveha.fr\/index.php\/wp-json\/wp\/v2\/pages\/1996\/revisions\/3413"}],"wp:attachment":[{"href":"https:\/\/mediation.eveha.fr\/index.php\/wp-json\/wp\/v2\/media?parent=1996"}],"curies":[{"name":"wp","href":"https:\/\/api.w.org\/{rel}","templated":true}]}}