{"id":158,"date":"2023-11-08T15:17:51","date_gmt":"2023-11-08T14:17:51","guid":{"rendered":"https:\/\/mediationdev.eveha.fr\/?page_id=158"},"modified":"2025-12-10T17:13:32","modified_gmt":"2025-12-10T16:13:32","slug":"intervention-sur-site","status":"publish","type":"page","link":"https:\/\/mediation.eveha.fr\/index.php\/intervention-sur-site\/","title":{"rendered":"Nos m\u00e9diations sur site"},"content":{"rendered":"\n<div class=\"wp-block-columns is-layout-flex wp-container-core-columns-is-layout-8712271c wp-block-columns-is-layout-flex\" style=\"margin-top:0;margin-bottom:0\">\n<div class=\"wp-block-column is-layout-flow wp-container-core-column-is-layout-ac79ae75 wp-block-column-is-layout-flow\">\n<p class=\"has-text-align-center has-small-font-size wp-block-paragraph\">Lors de <strong>nos op\u00e9rations arch\u00e9ologiques<\/strong>, nous avons \u00e0 c\u0153ur de partager nos d\u00e9couvertes, nos connaissances, ou encore nos m\u00e9tiers aupr\u00e8s du grand public. Pour cela, et <strong>en concertation constante avec le ma\u00eetre d&rsquo;ouvrage et le service r\u00e9gional de l&rsquo;Arch\u00e9ologie<\/strong>, nous d\u00e9ployons de multiples actions et supports d&rsquo;animation adapt\u00e9s au public vis\u00e9 et au site. Vous allez avoir des fouilles arch\u00e9ologiques sur votre parcelle et ces actions vous int\u00e9ressent ? N&rsquo;h\u00e9sitez pas \u00e0 nous contacter pour en discuter !<\/p>\n<\/div>\n<\/div>\n\n\n\n<div style=\"height:50px\" aria-hidden=\"true\" class=\"wp-block-spacer\"><\/div>\n\n\n\n<div class=\"wp-block-media-text is-stacked-on-mobile has-background\" style=\"background-color:#bbe9fa;margin-top:0;margin-bottom:0;padding-top:0;padding-right:0;padding-bottom:0;padding-left:0\"><figure class=\"wp-block-media-text__media\"><img loading=\"lazy\" decoding=\"async\" width=\"800\" height=\"600\" src=\"https:\/\/mediation.eveha.fr\/wp-content\/uploads\/2023\/12\/JPO5.jpg\" alt=\"eveha m\u00e9diation sur site EAC Passculture\" class=\"wp-image-924 size-full\"\/><\/figure><div class=\"wp-block-media-text__content\">\n<h5 class=\"wp-block-heading\" style=\"font-size:clamp(14px, 0.875rem + ((1vw - 3.2px) * 0.682), 20px);text-transform:capitalize\"><strong>Les Journ\u00e9es portes ouvertes<\/strong><\/h5>\n\n\n\n<p class=\"has-text-align-left wp-block-paragraph\"><strong>\u00c9veha organise r\u00e9guli\u00e8rement des journ\u00e9es portes ouvertes<\/strong> \u00e0 destination du grand public, des \u00e9lus, des entrepreneurs locaux et des scolaires. Ces journ\u00e9es permettent de <strong>d\u00e9voiler au plus grand nombre les vestiges et le mobilier arch\u00e9ologiques <\/strong>d\u00e9couverts sur les sites, mais \u00e9galement de <strong>pr\u00e9senter leur m\u00e9tier <\/strong>ainsi que les techniques et les m\u00e9thodes de travail op\u00e9r\u00e9es durant la fouille.<\/p>\n<\/div><\/div>\n\n\n\n<div class=\"wp-block-media-text has-media-on-the-right is-stacked-on-mobile\" style=\"margin-top:0;margin-bottom:0;padding-top:0;padding-bottom:0\"><div class=\"wp-block-media-text__content\">\n<h5 class=\"wp-block-heading has-text-align-left\" style=\"font-size:clamp(14px, 0.875rem + ((1vw - 3.2px) * 0.682), 20px);text-transform:none\">L&rsquo;accueil des scolaires<\/h5>\n\n\n\n<p class=\"has-text-align-left wp-block-paragraph\"><strong>\u00c9veha ouvre ses chantiers aux \u00e9coles<\/strong> afin de<strong> faire d\u00e9couvrir aux plus jeunes les d\u00e9couvertes du site<\/strong> ainsi que <strong>les divers m\u00e9tiers<\/strong> mis en \u0153uvre en arch\u00e9ologie. Nos \u00e9quipes offrent aux \u00e9l\u00e8ves <strong>des animations ludiques et didactiques<\/strong> gr\u00e2ce \u00e0 un large panel d&rsquo;outils de m\u00e9diation adapt\u00e9 aux publics scolaire et p\u00e9riscolaire : mallette p\u00e9dagogique, livrets sur l&rsquo;arch\u00e9ologie, fiches-m\u00e9tiers, etc.<\/p>\n<\/div><figure class=\"wp-block-media-text__media\"><img loading=\"lazy\" decoding=\"async\" width=\"800\" height=\"600\" src=\"https:\/\/mediation.eveha.fr\/wp-content\/uploads\/2023\/12\/scolaires.png\" alt=\"eveha m\u00e9diation sur site EAC Passculture\" class=\"wp-image-926 size-full\"\/><\/figure><\/div>\n\n\n\n<div class=\"wp-block-media-text is-stacked-on-mobile has-background\" style=\"background-color:#bbe9fa;margin-top:0;margin-bottom:0\"><figure class=\"wp-block-media-text__media\"><img loading=\"lazy\" decoding=\"async\" width=\"800\" height=\"600\" src=\"https:\/\/mediation.eveha.fr\/wp-content\/uploads\/2023\/12\/Soyons_fouille4.png\" alt=\"eveha m\u00e9diation sur site EAC Passculture scolaire\" class=\"wp-image-698 size-full\"\/><\/figure><div class=\"wp-block-media-text__content\">\n<h5 class=\"wp-block-heading has-text-align-left\" style=\"font-size:clamp(14px, 0.875rem + ((1vw - 3.2px) * 0.682), 20px);text-transform:none\">Les espaces ludiques<\/h5>\n\n\n\n<p class=\"has-text-align-left wp-block-paragraph\"><strong>\u00c9veha r\u00e9alise et met \u00e0 disposition des espaces ludiques<\/strong> au sein d&rsquo;animations didactiques visant \u00e0 rendre <strong>l&rsquo;arch\u00e9ologie accessible, interactive et captivante<\/strong> pour un large public, stimulant ainsi l&rsquo;int\u00e9r\u00eat pour les m\u00e9tiers de l&rsquo;arch\u00e9ologie.<\/p>\n<\/div><\/div>\n\n\n\n<div class=\"wp-block-media-text has-media-on-the-right is-stacked-on-mobile\" style=\"margin-top:0;margin-bottom:0\"><div class=\"wp-block-media-text__content\">\n<h5 class=\"wp-block-heading has-text-align-left\" style=\"font-size:clamp(14px, 0.875rem + ((1vw - 3.2px) * 0.682), 20px);text-transform:none\">L&rsquo;accueil des \u00e9lus<\/h5>\n\n\n\n<p class=\"has-text-align-left wp-block-paragraph\"><strong>Des visites guid\u00e9es sp\u00e9cialement con\u00e7ues pour les \u00e9lus locaux<\/strong> permettent de promouvoir l&rsquo;importance de la r\u00e9alisation des op\u00e9rations arch\u00e9ologiques pr\u00e9ventives pour la compr\u00e9hension historique du patrimoine au niveau local et de montrer comment l&rsquo;am\u00e9nagement du territoire et la recherche sont ainsi imbriqu\u00e9s.<\/p>\n<\/div><figure class=\"wp-block-media-text__media\"><img loading=\"lazy\" decoding=\"async\" width=\"800\" height=\"600\" src=\"https:\/\/mediation.eveha.fr\/wp-content\/uploads\/2023\/12\/elus.png\" alt=\"\u00e9lus accueil public arch\u00e9ologie passculture eac eveha mediation\" class=\"wp-image-934 size-full\"\/><\/figure><\/div>\n\n\n\n<div class=\"wp-block-media-text is-stacked-on-mobile has-background\" style=\"background-color:#bbe9fa;margin-top:0;margin-bottom:0;padding-top:0;padding-bottom:0\"><figure class=\"wp-block-media-text__media\"><img loading=\"lazy\" decoding=\"async\" width=\"800\" height=\"600\" src=\"https:\/\/mediation.eveha.fr\/wp-content\/uploads\/2023\/12\/panneaux.png\" alt=\"passculture eveha mediation\" class=\"wp-image-943 size-full\"\/><\/figure><div class=\"wp-block-media-text__content\">\n<h5 class=\"wp-block-heading has-text-align-left\" style=\"font-size:clamp(14px, 0.875rem + ((1vw - 3.2px) * 0.682), 20px);text-transform:none\">Les expositions sur site<\/h5>\n\n\n\n<p class=\"has-text-align-left wp-block-paragraph\"><strong>\u00c9veha r\u00e9alise et \u00e9dite des supports, tels que des d\u00e9pliants ou des panneaux d&rsquo;information<\/strong>, \u00e0 destination du grand public et des enfants. Leur installation sur les abords des fouilles, au d\u00e9but ou en cours d&rsquo;op\u00e9ration, contribue \u00e0<strong> <\/strong>partager des informations cl\u00e9s sur l&rsquo;histoire du site, sur la nature des d\u00e9couvertes arch\u00e9ologiques et sur le d\u00e9roulement des recherches.<\/p>\n<\/div><\/div>\n\n\n\n<div class=\"wp-block-media-text has-media-on-the-right is-stacked-on-mobile is-image-fill-element\" style=\"margin-top:0;margin-bottom:0;padding-top:0;padding-bottom:0\"><div class=\"wp-block-media-text__content\">\n<h5 class=\"wp-block-heading has-text-align-left\" style=\"font-size:clamp(14px, 0.875rem + ((1vw - 3.2px) * 0.682), 20px);text-transform:none\">L&rsquo;accueil de la presse<\/h5>\n\n\n\n<p class=\"has-text-align-left wp-block-paragraph\">Lors des op\u00e9rations de fouilles arch\u00e9ologiques, <strong>\u00c9veha interagit r\u00e9guli\u00e8rement avec les m\u00e9dias<\/strong>. En impliquant la presse locale, r\u00e9gionale et nationale, \u00c9veha contribue \u00e0 <strong>sensibiliser un large public \u00e0 l&rsquo;importance de la pr\u00e9servation du patrimoine culturel et historique local.<\/strong><\/p>\n\n\n\n<h4 class=\"wp-block-heading has-small-font-size\">\u00ab&nbsp;\u00c0 Sorigny, des enfants visitent les fouilles arch\u00e9ologiques \u00bb<\/h4>\n\n\n\n<div class=\"wp-block-buttons is-content-justification-center is-layout-flex wp-container-core-buttons-is-layout-75f1776e wp-block-buttons-is-layout-flex\">\n<div class=\"wp-block-button\"><a class=\"wp-block-button__link has-white-color has-text-color has-background has-link-color has-text-align-center wp-element-button\" href=\"https:\/\/www.francebleu.fr\/infos\/insolite\/a-sorigny-des-enfants-visitent-les-fouilles-archeologiques-sur-le-site-d-un-futur-quartier-8658635\" style=\"background-color:#78874b\" target=\"_blank\" rel=\"noreferrer noopener\">Article France Bleu <\/a><\/div>\n<\/div>\n\n\n\n<blockquote class=\"wp-block-quote is-layout-flow wp-block-quote-is-layout-flow\">\n<p class=\"wp-block-paragraph\"><\/p>\n<\/blockquote>\n<\/div><figure class=\"wp-block-media-text__media\"><img loading=\"lazy\" decoding=\"async\" width=\"800\" height=\"600\" src=\"https:\/\/mediation.eveha.fr\/wp-content\/uploads\/2023\/12\/presse.png\" alt=\"accueil presse mediation eveha eac pass culture\" class=\"wp-image-931 size-full\" style=\"object-position:50% 50%\"\/><\/figure><\/div>\n\n\n\n<div style=\"height:100px\" aria-hidden=\"true\" class=\"wp-block-spacer\"><\/div>\n\n\n\n<div class=\"wp-block-group alignfull has-global-padding is-layout-constrained wp-container-core-group-is-layout-e45f7bb1 wp-block-group-is-layout-constrained\" style=\"margin-top:0;margin-bottom:0;padding-top:0;padding-right:0;padding-bottom:0;padding-left:0\">\n<div style=\"height:19px\" aria-hidden=\"true\" class=\"wp-block-spacer\"><\/div>\n\n\n\n<div style=\"height:33px\" aria-hidden=\"true\" class=\"wp-block-spacer\"><\/div>\n\n\n\n<h2 class=\"wp-block-heading has-text-align-center has-large-font-size\"><strong><strong>Nos partenaires t\u00e9moignent<\/strong><\/strong><\/h2>\n\n\n\n<div style=\"height:33px\" aria-hidden=\"true\" class=\"wp-block-spacer\"><\/div>\n\n\n\n<div class=\"wp-block-columns is-layout-flex wp-container-core-columns-is-layout-b91472e3 wp-block-columns-is-layout-flex\">\n<div class=\"wp-block-column is-layout-flow wp-container-core-column-is-layout-ac79ae75 wp-block-column-is-layout-flow\">\n<figure class=\"wp-block-image aligncenter size-full is-resized is-style-rounded\"><img loading=\"lazy\" decoding=\"async\" width=\"800\" height=\"600\" src=\"https:\/\/mediation.eveha.fr\/wp-content\/uploads\/2023\/12\/Compiegne.png\" alt=\"mediation eveha visite site archeologique\" class=\"wp-image-900\" style=\"aspect-ratio:1;object-fit:cover;width:200px\"\/><\/figure>\n\n\n\n<p class=\"has-text-align-left wp-block-paragraph\"><strong>Emeric GEORGE, c<\/strong><strong>hef de projet am\u00e9nagement et urbanisme &#8211; agglom\u00e9ration de la r\u00e9gion de Compi\u00e8gne (ARC)<\/strong><br>\u00ab&nbsp;L&rsquo;ARC est tr\u00e8s reconnaissante de votre investissement pour cette visite \u00e0 l&rsquo;image de celui que vous avez d\u00e9ploy\u00e9 sur ce projet et pour la qualit\u00e9 de vos pr\u00e9sentations. <br>C&rsquo;est tr\u00e8s agr\u00e9able pour la collectivit\u00e9 et ses services de se sentir soutenus et accompagn\u00e9s par ses prestataires. \u00bb<\/p>\n\n\n\n<div class=\"wp-block-buttons is-content-justification-center is-layout-flex wp-container-core-buttons-is-layout-75f1776e wp-block-buttons-is-layout-flex\">\n<div class=\"wp-block-button\"><a class=\"wp-block-button__link has-white-color has-text-color has-background has-link-color wp-element-button\" href=\"https:\/\/www.leparisien.fr\/oise-60\/compiegne-pendant-deux-ans-les-archeologues-ont-exhume-l-histoire-locale-21-11-2017-7406958.php\" style=\"background-color:#78874b\" target=\"_blank\" rel=\"noreferrer noopener\">Lire l&rsquo;article<\/a><\/div>\n<\/div>\n<\/div>\n\n\n\n<div class=\"wp-block-column is-layout-flow wp-container-core-column-is-layout-ac79ae75 wp-block-column-is-layout-flow\">\n<figure class=\"wp-block-image aligncenter size-full is-resized is-style-rounded\"><img loading=\"lazy\" decoding=\"async\" width=\"800\" height=\"600\" src=\"https:\/\/mediation.eveha.fr\/wp-content\/uploads\/2023\/12\/Chateau_Vitre.png\" alt=\"visite site m\u00e9diation eveha\" class=\"wp-image-898\" style=\"aspect-ratio:1;object-fit:cover;width:200px\"\/><\/figure>\n\n\n\n<p class=\"has-text-align-left wp-block-paragraph\"><strong>Pierre MEHAIGNERIE<\/strong>, <strong>maire de Vitr\u00e9 jusqu&rsquo;en 2020 &#8211; ancien d\u00e9put\u00e9 et ministre<\/strong><br>\u00ab&nbsp;Suite aux fouilles arch\u00e9ologiques pr\u00e9ventives men\u00e9es par \u00c9veha sur la Place du Ch\u00e2teau de Vitr\u00e9, une exposition [&#8230;] a \u00e9t\u00e9 r\u00e9alis\u00e9e. Nous nous f\u00e9licitons de cette collaboration qui a permis de valoriser le r\u00e9sultat de ces fouilles aupr\u00e8s de tous les publics [&#8230;]. <br> En outre, les d\u00e9couvertes r\u00e9alis\u00e9es au cours des fouilles ont permis d&rsquo;enrichir le contenu des visites et des ateliers du patrimoine. \u00bb<\/p>\n\n\n\n<div class=\"wp-block-buttons is-content-justification-center is-layout-flex wp-container-core-buttons-is-layout-75f1776e wp-block-buttons-is-layout-flex\">\n<div class=\"wp-block-button\"><a class=\"wp-block-button__link has-base-color has-text-color has-background has-link-color wp-element-button\" href=\"https:\/\/www.ouest-france.fr\/bretagne\/vitre-35500\/les-fouilles-de-la-place-du-chateau-en-expo-690204\" style=\"background-color:#78874b\" target=\"_blank\" rel=\"noreferrer noopener\">Lire l&rsquo;article<\/a><\/div>\n<\/div>\n<\/div>\n<\/div>\n\n\n\n<div style=\"height:37px\" aria-hidden=\"true\" class=\"wp-block-spacer\"><\/div>\n<\/div>\n","protected":false},"excerpt":{"rendered":"<p>Lors de nos op\u00e9rations arch\u00e9ologiques, nous avons \u00e0 c\u0153ur de partager nos d\u00e9couvertes, nos connaissances, ou encore nos m\u00e9tiers aupr\u00e8s du grand public. Pour cela, et en concertation constante avec le ma\u00eetre d&rsquo;ouvrage et le service r\u00e9gional de l&rsquo;Arch\u00e9ologie, nous d\u00e9ployons de multiples actions et supports d&rsquo;animation adapt\u00e9s au public vis\u00e9 et au site. Vous [&hellip;]<\/p>\n","protected":false},"author":3,"featured_media":0,"parent":0,"menu_order":0,"comment_status":"closed","ping_status":"closed","template":"","meta":{"_crdt_document":"","inline_featured_image":false,"footnotes":""},"class_list":["post-158","page","type-page","status-publish","hentry"],"_links":{"self":[{"href":"https:\/\/mediation.eveha.fr\/index.php\/wp-json\/wp\/v2\/pages\/158","targetHints":{"allow":["GET"]}}],"collection":[{"href":"https:\/\/mediation.eveha.fr\/index.php\/wp-json\/wp\/v2\/pages"}],"about":[{"href":"https:\/\/mediation.eveha.fr\/index.php\/wp-json\/wp\/v2\/types\/page"}],"author":[{"embeddable":true,"href":"https:\/\/mediation.eveha.fr\/index.php\/wp-json\/wp\/v2\/users\/3"}],"replies":[{"embeddable":true,"href":"https:\/\/mediation.eveha.fr\/index.php\/wp-json\/wp\/v2\/comments?post=158"}],"version-history":[{"count":181,"href":"https:\/\/mediation.eveha.fr\/index.php\/wp-json\/wp\/v2\/pages\/158\/revisions"}],"predecessor-version":[{"id":3899,"href":"https:\/\/mediation.eveha.fr\/index.php\/wp-json\/wp\/v2\/pages\/158\/revisions\/3899"}],"wp:attachment":[{"href":"https:\/\/mediation.eveha.fr\/index.php\/wp-json\/wp\/v2\/media?parent=158"}],"curies":[{"name":"wp","href":"https:\/\/api.w.org\/{rel}","templated":true}]}}