{"id":152,"date":"2023-11-08T15:09:02","date_gmt":"2023-11-08T14:09:02","guid":{"rendered":"https:\/\/mediationdev.eveha.fr\/?page_id=152"},"modified":"2025-12-10T17:09:38","modified_gmt":"2025-12-10T16:09:38","slug":"evenement","status":"publish","type":"page","link":"https:\/\/mediation.eveha.fr\/index.php\/evenement\/","title":{"rendered":"Nos \u00e9v\u00e9nements annuels"},"content":{"rendered":"\n<p class=\"has-text-align-center wp-block-paragraph\">Chaque ann\u00e9e, l&rsquo;\u00e9quipe m\u00e9diation d&rsquo;<strong>\u00c9veha s&rsquo;associe aux grands rendez-vous<\/strong> du public pour pr\u00e9senter nos sites de fouille, mais aussi les m\u00e9tiers de l&rsquo;arch\u00e9ologie et permettre au public de s&rsquo;initier aux c\u00f4t\u00e9s de nos \u00e9quipes !<\/p>\n\n\n\n<div style=\"height:41px\" aria-hidden=\"true\" class=\"wp-block-spacer\"><\/div>\n\n\n\n<div class=\"wp-block-group alignfull has-background has-global-padding is-layout-constrained wp-container-core-group-is-layout-80c09237 wp-block-group-is-layout-constrained\" style=\"background-color:#bbe9fa\">\n<div style=\"height:20px\" aria-hidden=\"true\" class=\"wp-block-spacer\"><\/div>\n\n\n\n<div class=\"wp-block-columns is-layout-flex wp-container-core-columns-is-layout-b91472e3 wp-block-columns-is-layout-flex\">\n<div class=\"wp-block-column is-vertically-aligned-center is-layout-flow wp-container-core-column-is-layout-c06199db wp-block-column-is-layout-flow\" style=\"padding-top:0;padding-right:0;padding-bottom:0;padding-left:0\">\n<figure class=\"wp-block-image size-full wp-duotone-grayscale\"><a href=\"https:\/\/www.facebook.com\/EvehaArcheo\/posts\/pfbid02X1Cd12nBp97NtsJLqypFaZ7sTYe7ZioyiB8A3dAWZ8DCo2ryZe4miPga3zRcgXHjl\" target=\"_blank\" rel=\"noreferrer noopener\"><img loading=\"lazy\" decoding=\"async\" width=\"800\" height=\"600\" src=\"https:\/\/mediation.eveha.fr\/wp-content\/uploads\/2023\/12\/JEA8.png\" alt=\"JEA \u00c9veha\" class=\"wp-image-449\" style=\"aspect-ratio:16\/9;object-fit:cover\"\/><\/a><figcaption class=\"wp-element-caption\"><strong>M\u00e9mac (19)<\/strong><\/figcaption><\/figure>\n\n\n\n<figure class=\"wp-block-image size-full wp-duotone-grayscale\"><a href=\"https:\/\/www.facebook.com\/EvehaArcheo\/posts\/pfbid02X1Cd12nBp97NtsJLqypFaZ7sTYe7ZioyiB8A3dAWZ8DCo2ryZe4miPga3zRcgXHjl\" target=\"_blank\" rel=\"noreferrer noopener\"><img loading=\"lazy\" decoding=\"async\" width=\"800\" height=\"600\" src=\"https:\/\/mediation.eveha.fr\/wp-content\/uploads\/2024\/09\/JEA7.png\" alt=\"toulouse journ\u00e9e JEA Eveha\" class=\"wp-image-3336\" style=\"aspect-ratio:16\/9;object-fit:cover\" srcset=\"https:\/\/mediation.eveha.fr\/wp-content\/uploads\/2024\/09\/JEA7.png 800w, https:\/\/mediation.eveha.fr\/wp-content\/uploads\/2024\/09\/JEA7-300x225.png 300w, https:\/\/mediation.eveha.fr\/wp-content\/uploads\/2024\/09\/JEA7-768x576.png 768w\" sizes=\"auto, (max-width: 800px) 100vw, 800px\" \/><\/a><figcaption class=\"wp-element-caption\"><strong>Toulouse (31)<\/strong><\/figcaption><\/figure>\n<\/div>\n\n\n\n<div class=\"wp-block-column is-vertically-aligned-top is-layout-flow wp-container-core-column-is-layout-7b3442f1 wp-block-column-is-layout-flow\">\n<div style=\"height:20px\" aria-hidden=\"true\" class=\"wp-block-spacer\"><\/div>\n\n\n\n<figure class=\"wp-block-image size-full is-resized\"><img loading=\"lazy\" decoding=\"async\" width=\"734\" height=\"132\" src=\"https:\/\/mediation.eveha.fr\/wp-content\/uploads\/2023\/12\/JEArcheo.png\" alt=\"journ\u00e9e europ\u00e9enne de l'arch\u00e9ologie\" class=\"wp-image-396\" style=\"width:414px;height:auto\"\/><\/figure>\n\n\n\n<div style=\"height:20px\" aria-hidden=\"true\" class=\"wp-block-spacer\"><\/div>\n\n\n\n<p class=\"has-text-align-left wp-block-paragraph\"><strong>Date : mi-juin<\/strong><\/p>\n\n\n\n<div style=\"height:20px\" aria-hidden=\"true\" class=\"wp-block-spacer\"><\/div>\n\n\n\n<p class=\"has-text-align-left wp-block-paragraph\">Les <strong>JEA<\/strong> <strong>mobilisent les acteurs du monde de l\u2019arch\u00e9ologie<\/strong> pour faire d\u00e9couvrir au grand public les m\u00e9tiers de l&rsquo;arch\u00e9ologie et ainsi sensibiliser \u00e0 <strong>la richesse et \u00e0 la pr\u00e9servation du patrimoine arch\u00e9ologique.<\/strong> Ces journ\u00e9es proposent de nombreuses ouvertures exceptionnelles de chantiers de fouilles et de laboratoires, des rencontres avec des chercheurs, des ateliers pour les plus jeunes et des Villages de l&rsquo;arch\u00e9ologie dans la France enti\u00e8re.<\/p>\n\n\n\n<div style=\"height:20px\" aria-hidden=\"true\" class=\"wp-block-spacer\"><\/div>\n<\/div>\n<\/div>\n\n\n\n<div style=\"height:20px\" aria-hidden=\"true\" class=\"wp-block-spacer\"><\/div>\n<\/div>\n\n\n\n<div class=\"wp-block-group alignfull has-background has-global-padding is-layout-constrained wp-container-core-group-is-layout-7a34c314 wp-block-group-is-layout-constrained\" style=\"background-color:#d5dbbb;margin-top:0;margin-bottom:0;padding-top:0;padding-right:0;padding-bottom:0;padding-left:0\">\n<div style=\"height:19px\" aria-hidden=\"true\" class=\"wp-block-spacer\"><\/div>\n\n\n\n<div class=\"wp-block-columns is-layout-flex wp-container-core-columns-is-layout-b91472e3 wp-block-columns-is-layout-flex\">\n<div class=\"wp-block-column is-layout-flow wp-container-core-column-is-layout-cc4dccc0 wp-block-column-is-layout-flow\" style=\"padding-top:0;padding-right:0;padding-bottom:0;padding-left:0\">\n<div style=\"height:20px\" aria-hidden=\"true\" class=\"wp-block-spacer\"><\/div>\n\n\n\n<figure class=\"wp-block-image size-full is-resized\"><img loading=\"lazy\" decoding=\"async\" width=\"434\" height=\"168\" src=\"https:\/\/mediation.eveha.fr\/wp-content\/uploads\/2024\/02\/JEPatrimoine.png\" alt=\"JEP eveha mediation \" class=\"wp-image-1903\" style=\"width:364px;height:auto\"\/><\/figure>\n\n\n\n<div style=\"height:20px\" aria-hidden=\"true\" class=\"wp-block-spacer\"><\/div>\n\n\n\n<p class=\"has-text-align-left wp-block-paragraph\"><strong>Date : mi-septembre<\/strong><\/p>\n\n\n\n<div style=\"height:20px\" aria-hidden=\"true\" class=\"wp-block-spacer\"><\/div>\n\n\n\n<p class=\"has-text-align-left wp-block-paragraph\"><strong>Les JEP<\/strong> offrent l\u2019opportunit\u00e9 <strong>de visiter des monuments et des sites exceptionnellement ouverts pour l&rsquo;occasion.<\/strong> En partenariat avec le <strong>minist\u00e8re de l\u2019\u00c9ducation nationale, de la Jeunesse et des Sports<\/strong>, ce rendez-vous populaire, organis\u00e9 par<strong> le minist\u00e8re de la Culture<\/strong>, est l\u2019occasion pour le grand public d\u2019\u00e9changer avec les professionnels du patrimoine afin de d\u00e9couvrir des savoirs et des savoir-faire.<\/p>\n\n\n\n<div style=\"height:20px\" aria-hidden=\"true\" class=\"wp-block-spacer\"><\/div>\n<\/div>\n\n\n\n<div class=\"wp-block-column is-vertically-aligned-center is-layout-flow wp-block-column-is-layout-flow\">\n<figure class=\"wp-block-image size-full is-resized wp-duotone-grayscale\"><img loading=\"lazy\" decoding=\"async\" width=\"800\" height=\"600\" src=\"https:\/\/mediation.eveha.fr\/wp-content\/uploads\/2023\/12\/JEP4.png\" alt=\"JEP patrimoine journ\u00e9e eveha mediation \" class=\"wp-image-439\" style=\"object-fit:cover;width:351px;height:auto\"\/><figcaption class=\"wp-element-caption\"><strong>J\u00e2lons (51)<\/strong><\/figcaption><\/figure>\n<\/div>\n<\/div>\n\n\n\n<div style=\"height:19px\" aria-hidden=\"true\" class=\"wp-block-spacer\"><\/div>\n<\/div>\n\n\n\n<div class=\"wp-block-group alignfull has-base-background-color has-background has-global-padding is-layout-constrained wp-container-core-group-is-layout-7a34c314 wp-block-group-is-layout-constrained\" style=\"margin-top:0;margin-bottom:0;padding-top:0;padding-right:0;padding-bottom:0;padding-left:0\">\n<div style=\"height:20px\" aria-hidden=\"true\" class=\"wp-block-spacer\"><\/div>\n\n\n\n<div class=\"wp-block-columns is-layout-flex wp-container-core-columns-is-layout-b91472e3 wp-block-columns-is-layout-flex\">\n<div class=\"wp-block-column is-vertically-aligned-center is-layout-flow wp-container-core-column-is-layout-7b3442f1 wp-block-column-is-layout-flow\">\n<figure class=\"wp-block-image alignright size-full is-resized wp-duotone-grayscale\"><img loading=\"lazy\" decoding=\"async\" width=\"800\" height=\"600\" src=\"https:\/\/mediation.eveha.fr\/wp-content\/uploads\/2023\/12\/FDS.png\" alt=\"recrea science mediation ecole limoges eveha\" class=\"wp-image-419\" style=\"aspect-ratio:16\/9;object-fit:cover;width:365px;height:auto\"\/><figcaption class=\"wp-element-caption\"><strong>Limoges (87)<\/strong><\/figcaption><\/figure>\n\n\n\n<figure class=\"wp-block-image alignright size-full is-resized wp-duotone-grayscale\"><a href=\"https:\/\/www.facebook.com\/EvehaArcheo\/posts\/pfbid02V3x6U6kzwGNQRCg9UTuVsxFcojNNV7rPtFuka2yS7kXX8GZ8pDUpWC7f3Rbxx2ATl\" target=\"_blank\" rel=\"noreferrer noopener\"><img loading=\"lazy\" decoding=\"async\" width=\"1600\" height=\"2133\" src=\"https:\/\/mediation.eveha.fr\/wp-content\/uploads\/2023\/08\/2023-bugeat-mediation-caisses-spe2.jpg\" alt=\"eveha mediation fete de la science\" class=\"wp-image-26\" style=\"aspect-ratio:1.7777777777777777;object-fit:cover;width:365px;height:auto\"\/><\/a><figcaption class=\"wp-element-caption\"><strong>Montans (81)<\/strong><\/figcaption><\/figure>\n<\/div>\n\n\n\n<div class=\"wp-block-column is-layout-flow wp-container-core-column-is-layout-7b3442f1 wp-block-column-is-layout-flow\">\n<div style=\"height:20px\" aria-hidden=\"true\" class=\"wp-block-spacer\"><\/div>\n\n\n\n<figure class=\"wp-block-image size-full is-resized\"><img loading=\"lazy\" decoding=\"async\" width=\"350\" height=\"118\" src=\"https:\/\/mediation.eveha.fr\/wp-content\/uploads\/2023\/12\/fete-de-la-science.png\" alt=\"eveha mediation fete de la science \" class=\"wp-image-392\" style=\"width:308px;height:auto\"\/><\/figure>\n\n\n\n<div style=\"height:20px\" aria-hidden=\"true\" class=\"wp-block-spacer\"><\/div>\n\n\n\n<p class=\"has-text-align-left wp-block-paragraph\"><strong><strong>Date : mi-octobre<\/strong><\/strong><\/p>\n\n\n\n<div style=\"height:20px\" aria-hidden=\"true\" class=\"wp-block-spacer\"><\/div>\n\n\n\n<p class=\"has-text-align-left wp-block-paragraph\"><strong>Le minist\u00e8re de l&rsquo;Enseignement sup\u00e9rieur et de la Recherche<\/strong> organise chaque ann\u00e9e la f\u00eate de la Science. Cet \u00e9v\u00e8nement national a pour<strong> but de promouvoir la science aupr\u00e8s du grand public<\/strong>. <br>Il lui permet d&rsquo;aborder gratuitement<strong> <\/strong>les sujets scientifiques dans un rapport direct avec ses acteurs.<\/p>\n\n\n\n<div style=\"height:20px\" aria-hidden=\"true\" class=\"wp-block-spacer\"><\/div>\n<\/div>\n<\/div>\n\n\n\n<div style=\"height:18px\" aria-hidden=\"true\" class=\"wp-block-spacer\"><\/div>\n<\/div>\n\n\n\n<div class=\"wp-block-group alignfull has-background has-global-padding is-layout-constrained wp-container-core-group-is-layout-a7795bf3 wp-block-group-is-layout-constrained\" style=\"background-color:#bbe9fa;margin-top:0;margin-bottom:0;padding-top:0;padding-right:0;padding-bottom:0;padding-left:0\">\n<div style=\"height:20px\" aria-hidden=\"true\" class=\"wp-block-spacer\"><\/div>\n\n\n\n<div class=\"wp-block-columns is-layout-flex wp-container-core-columns-is-layout-b91472e3 wp-block-columns-is-layout-flex\">\n<div class=\"wp-block-column is-layout-flow wp-container-core-column-is-layout-7b3442f1 wp-block-column-is-layout-flow\">\n<div style=\"height:20px\" aria-hidden=\"true\" class=\"wp-block-spacer\"><\/div>\n\n\n\n<figure class=\"wp-block-image size-full is-resized\"><img loading=\"lazy\" decoding=\"async\" width=\"554\" height=\"204\" src=\"https:\/\/mediation.eveha.fr\/wp-content\/uploads\/2023\/12\/nuit-delorientation.png\" alt=\"Nuit de l'irentation legrand limoges eveha mediation\" class=\"wp-image-393\" style=\"width:263px;height:auto\"\/><\/figure>\n\n\n\n<div style=\"height:20px\" aria-hidden=\"true\" class=\"wp-block-spacer\"><\/div>\n\n\n\n<p class=\"wp-block-paragraph\"><strong><strong>Date : toute l&rsquo;ann\u00e9e<\/strong><\/strong><\/p>\n\n\n\n<div style=\"height:20px\" aria-hidden=\"true\" class=\"wp-block-spacer\"><\/div>\n\n\n\n<p class=\"wp-block-paragraph\"><strong>Le r\u00e9seau des Chambres de Commerce et de l&rsquo;Industrie<\/strong>&nbsp;propose aux jeunes et \u00e0 leur famille d\u2019aborder la&nbsp;<strong>question de l\u2019orientation professionnelle sans stress<\/strong>&nbsp;et d&rsquo;aider les coll\u00e9giens, lyc\u00e9ens, \u00e9tudiants \u00e0 d\u00e9couvrir les m\u00e9tiers, fili\u00e8res et carri\u00e8res qui s&rsquo;offrent \u00e0 eux. Durant ce moment privil\u00e9gi\u00e9, des sp\u00e9cialistes de l&rsquo;orientation, des chefs d&rsquo;entreprise mais aussi des salari\u00e9s accompagnent les jeunes dans leur r\u00e9flexion et r\u00e9pondent aux questions qu&rsquo;ils se posent sur leur avenir professionnel.<\/p>\n\n\n\n<div style=\"height:20px\" aria-hidden=\"true\" class=\"wp-block-spacer\"><\/div>\n<\/div>\n\n\n\n<div class=\"wp-block-column is-vertically-aligned-center is-layout-flow wp-container-core-column-is-layout-7b3442f1 wp-block-column-is-layout-flow\">\n<figure class=\"wp-block-image size-full is-resized wp-duotone-grayscale\"><img loading=\"lazy\" decoding=\"async\" width=\"1600\" height=\"1200\" src=\"https:\/\/mediation.eveha.fr\/wp-content\/uploads\/2024\/03\/404939038_652884583717197_8734992615580550039_n.jpg\" alt=\"eveha mediation limoges arch\u00e9ologie\" class=\"wp-image-2657\" style=\"aspect-ratio:1.7777777777777777;object-fit:cover;width:352px;height:auto\"\/><figcaption class=\"wp-element-caption\"><strong>Limoges (87)<\/strong><\/figcaption><\/figure>\n<\/div>\n<\/div>\n\n\n\n<div style=\"height:22px\" aria-hidden=\"true\" class=\"wp-block-spacer\"><\/div>\n<\/div>\n\n\n\n<div class=\"wp-block-group alignfull has-base-background-color has-background has-global-padding is-layout-constrained wp-container-core-group-is-layout-a7795bf3 wp-block-group-is-layout-constrained\" style=\"margin-top:0;margin-bottom:0;padding-top:0;padding-right:0;padding-bottom:0;padding-left:0\">\n<div style=\"height:38px\" aria-hidden=\"true\" class=\"wp-block-spacer\"><\/div>\n\n\n\n<div class=\"wp-block-columns is-layout-flex wp-container-core-columns-is-layout-9ca5f5e5 wp-block-columns-is-layout-flex\" style=\"margin-top:0;margin-bottom:0\">\n<div class=\"wp-block-column is-vertically-aligned-center is-layout-flow wp-container-core-column-is-layout-7b3442f1 wp-block-column-is-layout-flow\">\n<figure class=\"wp-block-image alignleft size-full wp-duotone-grayscale\"><img loading=\"lazy\" decoding=\"async\" width=\"800\" height=\"600\" src=\"https:\/\/mediation.eveha.fr\/wp-content\/uploads\/2023\/12\/forum_metier_Lille.png\" alt=\"mediation Lille eveha forum \u00e9tudiants\" class=\"wp-image-441\" style=\"aspect-ratio:16\/9;object-fit:cover\"\/><figcaption class=\"wp-element-caption\"><strong>Lille (59)<\/strong><\/figcaption><\/figure>\n<\/div>\n\n\n\n<div class=\"wp-block-column is-layout-flow wp-container-core-column-is-layout-7b3442f1 wp-block-column-is-layout-flow\">\n<div style=\"height:20px\" aria-hidden=\"true\" class=\"wp-block-spacer\"><\/div>\n\n\n\n<figure class=\"wp-block-image size-full is-resized\"><img loading=\"lazy\" decoding=\"async\" width=\"326\" height=\"148\" src=\"https:\/\/mediation.eveha.fr\/wp-content\/uploads\/2023\/12\/forum-des-etudiants.png\" alt=\"forum des \u00e9tudiants eveha mediation\" class=\"wp-image-394\" style=\"width:281px;height:auto\"\/><\/figure>\n\n\n\n<div style=\"height:20px\" aria-hidden=\"true\" class=\"wp-block-spacer\"><\/div>\n\n\n\n<p class=\"has-text-align-left wp-block-paragraph\"><strong>Date : toute l&rsquo;ann\u00e9e<\/strong><\/p>\n\n\n\n<div style=\"height:20px\" aria-hidden=\"true\" class=\"wp-block-spacer\"><\/div>\n\n\n\n<p class=\"has-text-align-left wp-block-paragraph\"><strong>Les forums des \u00e9tudiants organis\u00e9s par les universit\u00e9s \u00e0 travers toute la France <\/strong>sont un rendez-vous incontournable \u00e0 destination des lyc\u00e9ens et des \u00e9tudiants afin de <strong>r\u00e9fl\u00e9chir \u00e0 leur projet d&rsquo;orientation<\/strong>. Ces salons sont \u00e9galement l&rsquo;occasion de mettre en relation les \u00e9tudiants avec des professionnels de nombreuses fili\u00e8res dans le but d&rsquo;apporter leurs conseils personnalis\u00e9s sur les d\u00e9bouch\u00e9s potentiels.<\/p>\n\n\n\n<div style=\"height:20px\" aria-hidden=\"true\" class=\"wp-block-spacer\"><\/div>\n<\/div>\n<\/div>\n\n\n\n<div style=\"height:42px\" aria-hidden=\"true\" class=\"wp-block-spacer\"><\/div>\n<\/div>\n","protected":false},"excerpt":{"rendered":"<p>Chaque ann\u00e9e, l&rsquo;\u00e9quipe m\u00e9diation d&rsquo;\u00c9veha s&rsquo;associe aux grands rendez-vous du public pour pr\u00e9senter nos sites de fouille, mais aussi les m\u00e9tiers de l&rsquo;arch\u00e9ologie et permettre au public de s&rsquo;initier aux c\u00f4t\u00e9s de nos \u00e9quipes ! Date : mi-juin Les JEA mobilisent les acteurs du monde de l\u2019arch\u00e9ologie pour faire d\u00e9couvrir au grand public les m\u00e9tiers [&hellip;]<\/p>\n","protected":false},"author":3,"featured_media":0,"parent":0,"menu_order":0,"comment_status":"closed","ping_status":"closed","template":"","meta":{"_crdt_document":"","inline_featured_image":false,"footnotes":""},"class_list":["post-152","page","type-page","status-publish","hentry"],"_links":{"self":[{"href":"https:\/\/mediation.eveha.fr\/index.php\/wp-json\/wp\/v2\/pages\/152","targetHints":{"allow":["GET"]}}],"collection":[{"href":"https:\/\/mediation.eveha.fr\/index.php\/wp-json\/wp\/v2\/pages"}],"about":[{"href":"https:\/\/mediation.eveha.fr\/index.php\/wp-json\/wp\/v2\/types\/page"}],"author":[{"embeddable":true,"href":"https:\/\/mediation.eveha.fr\/index.php\/wp-json\/wp\/v2\/users\/3"}],"replies":[{"embeddable":true,"href":"https:\/\/mediation.eveha.fr\/index.php\/wp-json\/wp\/v2\/comments?post=152"}],"version-history":[{"count":132,"href":"https:\/\/mediation.eveha.fr\/index.php\/wp-json\/wp\/v2\/pages\/152\/revisions"}],"predecessor-version":[{"id":3893,"href":"https:\/\/mediation.eveha.fr\/index.php\/wp-json\/wp\/v2\/pages\/152\/revisions\/3893"}],"wp:attachment":[{"href":"https:\/\/mediation.eveha.fr\/index.php\/wp-json\/wp\/v2\/media?parent=152"}],"curies":[{"name":"wp","href":"https:\/\/api.w.org\/{rel}","templated":true}]}}