{"id":146,"date":"2023-11-08T15:07:47","date_gmt":"2023-11-08T14:07:47","guid":{"rendered":"https:\/\/mediationdev.eveha.fr\/?page_id=146"},"modified":"2025-12-10T17:01:55","modified_gmt":"2025-12-10T16:01:55","slug":"eac","status":"publish","type":"page","link":"https:\/\/mediation.eveha.fr\/index.php\/eac\/","title":{"rendered":"Nos EAC"},"content":{"rendered":"\n<p class=\"has-text-align-center has-small-font-size wp-block-paragraph\">Dans le cadre du d\u00e9veloppement de l\u2019<strong>\u00c9ducation artistique et culturelle<\/strong> (<strong>EAC)<\/strong> au niveau national et afin <strong>d\u2019encourager les jeunes \u00e0 la d\u00e9couverte de la vie artistique et culturelle<\/strong> par le biais de rencontres avec des professionnels de ces secteurs, \u00c9veha se mobilise et d\u00e9veloppe <strong>des actions p\u00e9dagogiques<\/strong> au plus pr\u00e8s des \u00e9l\u00e8ves dans le domaine de l\u2019arch\u00e9ologie<strong>.<\/strong><\/p>\n\n\n\n<div style=\"height:56px\" aria-hidden=\"true\" class=\"wp-block-spacer\"><\/div>\n\n\n\n<h3 class=\"wp-block-heading has-text-align-center\"><strong>Nos ateliers de d\u00e9couverte et du sur-mesure !<\/strong><\/h3>\n\n\n\n<div style=\"height:56px\" aria-hidden=\"true\" class=\"wp-block-spacer\"><\/div>\n\n\n\n<div class=\"wp-block-group has-background is-horizontal is-content-justification-space-between is-nowrap is-layout-flex wp-container-core-group-is-layout-db718006 wp-block-group-is-layout-flex\" style=\"background:linear-gradient(110deg,rgb(231,11,85) 0%,rgb(55,40,133) 100%)\">\n<figure class=\"wp-block-image size-full\"><a href=\"https:\/\/pass.culture.fr\/espace-professeurs\/\" target=\"_blank\" rel=\"noreferrer noopener\"><img loading=\"lazy\" decoding=\"async\" width=\"714\" height=\"298\" src=\"https:\/\/mediation.eveha.fr\/wp-content\/uploads\/2023\/12\/default-firstframe.png\" alt=\"pass culture eveha\" class=\"wp-image-267\" style=\"object-fit:cover\"\/><\/a><\/figure>\n\n\n\n<p class=\"has-text-align-left has-white-color has-text-color has-link-color wp-elements-413c2db65ebcfb960e64f53d9feb701f wp-block-paragraph\" style=\"font-size:clamp(14px, 0.875rem + ((1vw - 3.2px) * 0.227), 16px);\">Gr\u00e2ce au Pass Culture, r\u00e9servez l&rsquo;un de nos <strong>ateliers de d\u00e9couverte de l\u2019arch\u00e9ologie et de ses m\u00e9tiers<\/strong> ou contactez-nous pour monter un projet sur mesure !<\/p>\n<\/div>\n\n\n\n<div class=\"wp-block-columns is-layout-flex wp-container-core-columns-is-layout-7ed3604e wp-block-columns-is-layout-flex\" style=\"margin-top:0;margin-bottom:0;padding-top:0;padding-right:0;padding-bottom:0;padding-left:0\">\n<div class=\"wp-block-column has-background is-layout-flow wp-container-core-column-is-layout-7b3442f1 wp-block-column-is-layout-flow\" style=\"background-color:#55adbf\">\n<figure class=\"wp-block-image aligncenter size-full\"><a href=\"..\/index.php\/voyageons-dans-le-temps\/\"><img loading=\"lazy\" decoding=\"async\" width=\"501\" height=\"566\" src=\"https:\/\/mediation.eveha.fr\/wp-content\/uploads\/2023\/12\/Capture-decran-du-2023-12-04-15-42-27-1.png\" alt=\"EAC \u00c9veha ..\/index.php\/voyageons-dans-le-temps\/ \u2197\" class=\"wp-image-285\" style=\"aspect-ratio:4\/3;object-fit:cover\"\/><\/a><\/figure>\n\n\n\n<div style=\"height:24px\" aria-hidden=\"true\" class=\"wp-block-spacer\"><\/div>\n\n\n\n<h2 class=\"wp-block-heading has-text-align-center has-base-color has-text-color has-link-color has-large-font-size wp-elements-3e6b1bbdf39dc6bfaf136ccbe0e6cebb\"><strong>Voyageons <\/strong> <strong>dans le temps !<\/strong><\/h2>\n\n\n\n<p class=\"has-text-align-center has-base-color has-text-color has-link-color has-medium-font-size wp-elements-c872ecf1aa87a1989ee5105e6948b60c wp-block-paragraph\"><strong>\u00c0 la d\u00e9couverte <\/strong><strong>de l&rsquo;arch\u00e9ologie<\/strong><\/p>\n\n\n\n<div style=\"height:24px\" aria-hidden=\"true\" class=\"wp-block-spacer\"><\/div>\n\n\n\n<div class=\"wp-block-buttons is-content-justification-center is-layout-flex wp-container-core-buttons-is-layout-508b7ac9 wp-block-buttons-is-layout-flex\">\n<div class=\"wp-block-button has-custom-font-size is-style-fill has-small-font-size\"><a class=\"wp-block-button__link has-white-color has-text-color has-background has-link-color wp-element-button\" href=\"..\/index.php\/voyageons-dans-le-temps\/\" style=\"border-radius:0px;background-color:#2c89a0fa\">En savoir plus<\/a><\/div>\n<\/div>\n\n\n\n<div style=\"height:24px\" aria-hidden=\"true\" class=\"wp-block-spacer\"><\/div>\n<\/div>\n\n\n\n<div class=\"wp-block-column has-background is-layout-flow wp-container-core-column-is-layout-c06199db wp-block-column-is-layout-flow\" style=\"background-color:#7d9e4e;padding-top:0;padding-right:0;padding-bottom:0;padding-left:0\">\n<figure class=\"wp-block-image aligncenter size-full\"><a href=\"https:\/\/mediation.eveha.fr\/index.php\/faites-parler-les-morts\/\"><img loading=\"lazy\" decoding=\"async\" width=\"501\" height=\"566\" src=\"https:\/\/mediation.eveha.fr\/wp-content\/uploads\/2023\/12\/Capture-decran-du-2023-12-04-15-42-35.png\" alt=\"eac eveha\" class=\"wp-image-287\" style=\"aspect-ratio:4\/3;object-fit:cover\"\/><\/a><\/figure>\n\n\n\n<div style=\"height:24px\" aria-hidden=\"true\" class=\"wp-block-spacer\"><\/div>\n\n\n\n<h2 class=\"wp-block-heading has-text-align-center has-base-color has-text-color has-link-color has-large-font-size wp-elements-f5504d2f438571a2f63d7ffb4e3d9b32\"><strong>Faites parler <\/strong><strong>les morts !<\/strong><\/h2>\n\n\n\n<p class=\"has-text-align-center has-base-color has-text-color has-link-color has-medium-font-size wp-elements-0ec9831a7c6c6ac0548bf1bccf7b0278 wp-block-paragraph\"><strong><strong>\u00c0<\/strong> la d\u00e9couverte <\/strong><strong>de l&rsquo;arch\u00e9ologie<\/strong> <strong>fun\u00e9raire<\/strong><\/p>\n\n\n\n<div style=\"height:24px\" aria-hidden=\"true\" class=\"wp-block-spacer\"><\/div>\n\n\n\n<div class=\"wp-block-buttons is-content-justification-center is-layout-flex wp-container-core-buttons-is-layout-508b7ac9 wp-block-buttons-is-layout-flex\">\n<div class=\"wp-block-button has-custom-font-size is-style-fill has-small-font-size\"><a class=\"wp-block-button__link has-white-color has-text-color has-background has-link-color wp-element-button\" href=\"..\/index.php\/faites-parler-les-morts\/\" style=\"border-radius:0px;background-color:#78874b\">En savoir plus<\/a><\/div>\n<\/div>\n\n\n\n<div style=\"height:24px\" aria-hidden=\"true\" class=\"wp-block-spacer\"><\/div>\n<\/div>\n<\/div>\n\n\n\n<div class=\"wp-block-columns is-layout-flex wp-container-core-columns-is-layout-7ed3604e wp-block-columns-is-layout-flex\" style=\"margin-top:0;margin-bottom:0;padding-top:0;padding-right:0;padding-bottom:0;padding-left:0\">\n<div class=\"wp-block-column has-background is-layout-flow wp-container-core-column-is-layout-7b3442f1 wp-block-column-is-layout-flow\" style=\"background-color:#cb7c43\">\n<figure class=\"wp-block-image aligncenter size-full\"><a href=\"https:\/\/mediation.eveha.fr\/index.php\/faites-gaf\/\"><img loading=\"lazy\" decoding=\"async\" width=\"501\" height=\"566\" src=\"https:\/\/mediation.eveha.fr\/wp-content\/uploads\/2023\/12\/Capture-decran-du-2023-12-04-15-42-48.png\" alt=\"GAF eveha eac pass culture\" class=\"wp-image-286\" style=\"aspect-ratio:4\/3;object-fit:cover\"\/><\/a><\/figure>\n\n\n\n<div style=\"height:24px\" aria-hidden=\"true\" class=\"wp-block-spacer\"><\/div>\n\n\n\n<h2 class=\"wp-block-heading has-text-align-center has-base-color has-text-color has-link-color has-large-font-size wp-elements-10b3424225584c02edf75c4d97f0691c\"><strong>Faites <\/strong><strong>GAF !<\/strong><\/h2>\n\n\n\n<p class=\"has-text-align-center has-base-color has-text-color has-link-color has-medium-font-size wp-elements-d5ca247d92217da768e9af46741a15f1 wp-block-paragraph\"><strong>\u00c0 la d\u00e9couverte d<strong>u mobilier arch\u00e9ologique<\/strong><\/strong><\/p>\n\n\n\n<div style=\"height:24px\" aria-hidden=\"true\" class=\"wp-block-spacer\"><\/div>\n\n\n\n<div class=\"wp-block-buttons is-content-justification-center is-layout-flex wp-container-core-buttons-is-layout-508b7ac9 wp-block-buttons-is-layout-flex\">\n<div class=\"wp-block-button has-custom-font-size is-style-fill has-small-font-size\"><a class=\"wp-block-button__link has-white-color has-text-color has-background has-link-color wp-element-button\" href=\"..\/index.php\/faites-gaf\/\" style=\"border-radius:0px;background-color:#c87137\">En savoir plus<\/a><\/div>\n<\/div>\n\n\n\n<div style=\"height:24px\" aria-hidden=\"true\" class=\"wp-block-spacer\"><\/div>\n<\/div>\n\n\n\n<div class=\"wp-block-column has-background is-layout-flow wp-container-core-column-is-layout-c06199db wp-block-column-is-layout-flow\" style=\"background-color:#e0b64c;padding-top:0;padding-right:0;padding-bottom:0;padding-left:0\">\n<figure class=\"wp-block-image aligncenter size-full\"><a href=\"https:\/\/mediation.eveha.fr\/index.php\/les-experts-de-larcheologie\/\"><img loading=\"lazy\" decoding=\"async\" width=\"501\" height=\"566\" src=\"https:\/\/mediation.eveha.fr\/wp-content\/uploads\/2023\/12\/Capture-decran-du-2023-12-04-15-42-42.png\" alt=\"expert archeo eveha eac pass culture\" class=\"wp-image-284\" style=\"aspect-ratio:4\/3;object-fit:cover\"\/><\/a><\/figure>\n\n\n\n<div style=\"height:24px\" aria-hidden=\"true\" class=\"wp-block-spacer\"><\/div>\n\n\n\n<h2 class=\"wp-block-heading has-text-align-center has-base-color has-text-color has-link-color has-large-font-size wp-elements-aea0eedc4a9ca482d3e1b351aa290671\"><strong><strong>Les experts de<\/strong> <strong>l&rsquo;arch\u00e9ologie !<\/strong><\/strong><\/h2>\n\n\n\n<p class=\"has-text-align-center has-base-color has-text-color has-link-color has-medium-font-size wp-elements-71ff4acb7a64d6a5c92b54f4cabcad13 wp-block-paragraph\"><strong>Dans la peau <\/strong><strong>des sp\u00e9cialistes <\/strong><strong>de l&rsquo;arch\u00e9ologie<\/strong><\/p>\n\n\n\n<div style=\"height:24px\" aria-hidden=\"true\" class=\"wp-block-spacer\"><\/div>\n\n\n\n<div class=\"wp-block-buttons is-content-justification-center is-layout-flex wp-container-core-buttons-is-layout-508b7ac9 wp-block-buttons-is-layout-flex\">\n<div class=\"wp-block-button has-custom-font-size is-style-fill has-small-font-size\"><a class=\"wp-block-button__link has-white-color has-text-color has-background has-link-color wp-element-button\" href=\"..\/index.php\/les-experts-de-larcheologie\/\" style=\"border-radius:0px;background-color:#d4aa00\">En savoir plus<\/a><\/div>\n<\/div>\n\n\n\n<div style=\"height:24px\" aria-hidden=\"true\" class=\"wp-block-spacer\"><\/div>\n<\/div>\n<\/div>\n\n\n\n<div class=\"wp-block-columns is-layout-flex wp-container-core-columns-is-layout-7ed3604e wp-block-columns-is-layout-flex\" style=\"margin-top:0;margin-bottom:0;padding-top:0;padding-right:0;padding-bottom:0;padding-left:0\">\n<div class=\"wp-block-column is-vertically-aligned-top has-background is-layout-flow wp-container-core-column-is-layout-7b3442f1 wp-block-column-is-layout-flow\" style=\"background-color:#c65555\">\n<figure class=\"wp-block-image aligncenter size-full\"><a href=\"..\/index.php\/soyons-fouille-2\/\"><img loading=\"lazy\" decoding=\"async\" width=\"599\" height=\"700\" src=\"https:\/\/mediation.eveha.fr\/wp-content\/uploads\/2023\/12\/offre-fouille2.png\" alt=\"fouilles archeo eveha eac pass culture\" class=\"wp-image-634\" style=\"aspect-ratio:4\/3;object-fit:cover\"\/><\/a><\/figure>\n\n\n\n<div style=\"height:24px\" aria-hidden=\"true\" class=\"wp-block-spacer\"><\/div>\n\n\n\n<h2 class=\"wp-block-heading has-text-align-center has-base-color has-text-color has-link-color has-large-font-size wp-elements-7444924dd26de267004465ff46fd6f15\"><strong><strong>Soyons <\/strong><strong>fouilles !<\/strong><\/strong><\/h2>\n\n\n\n<p class=\"has-text-align-center has-base-color has-text-color has-link-color has-medium-font-size wp-elements-870882a5507ba3b1371eca445066b969 wp-block-paragraph\"><strong><strong>D\u00e9terrons le pass\u00e9<\/strong><\/strong><\/p>\n\n\n\n<div style=\"height:62px\" aria-hidden=\"true\" class=\"wp-block-spacer\"><\/div>\n\n\n\n<div class=\"wp-block-buttons is-content-justification-center is-layout-flex wp-container-core-buttons-is-layout-508b7ac9 wp-block-buttons-is-layout-flex\">\n<div class=\"wp-block-button has-custom-font-size is-style-fill has-small-font-size\"><a class=\"wp-block-button__link has-white-color has-text-color has-background has-link-color wp-element-button\" href=\"..\/index.php\/soyons-fouille-2\/\" style=\"border-radius:0px;background-color:#c73636\">En savoir plus<\/a><\/div>\n<\/div>\n\n\n\n<div style=\"height:25px\" aria-hidden=\"true\" class=\"wp-block-spacer\"><\/div>\n<\/div>\n\n\n\n<div class=\"wp-block-column is-vertically-aligned-top has-background is-layout-flow wp-container-core-column-is-layout-7b3442f1 wp-block-column-is-layout-flow\" style=\"background-color:#e57373\">\n<figure class=\"wp-block-image size-full\"><img loading=\"lazy\" decoding=\"async\" width=\"731\" height=\"600\" src=\"https:\/\/mediation.eveha.fr\/wp-content\/uploads\/2025\/01\/maternelles.jpg\" alt=\"\" class=\"wp-image-3513\" style=\"aspect-ratio:4\/3;object-fit:cover\" srcset=\"https:\/\/mediation.eveha.fr\/wp-content\/uploads\/2025\/01\/maternelles.jpg 731w, https:\/\/mediation.eveha.fr\/wp-content\/uploads\/2025\/01\/maternelles-300x246.jpg 300w\" sizes=\"auto, (max-width: 731px) 100vw, 731px\" \/><\/figure>\n\n\n\n<div style=\"height:24px\" aria-hidden=\"true\" class=\"wp-block-spacer\"><\/div>\n\n\n\n<h2 class=\"wp-block-heading has-text-align-center has-base-color has-text-color has-link-color has-large-font-size wp-elements-efed6f13c627d6a7496dea92f6070884\"><strong><strong>Soyons fouille<\/strong><\/strong><\/h2>\n\n\n\n<h2 class=\"wp-block-heading has-text-align-center has-base-color has-text-color has-link-color has-large-font-size wp-elements-3a783b37a0cf6ccf608c389baf6bf5e7\"><strong>de la maternelle au CM2 !<\/strong><\/h2>\n\n\n\n<p class=\"has-text-align-center has-base-color has-text-color has-link-color has-medium-font-size wp-elements-1d9fcdde17f6dc6433182332bd801d37 wp-block-paragraph\"><strong><strong><strong><strong>D\u00e9terrons le pass\u00e9<\/strong><\/strong><\/strong><\/strong><\/p>\n\n\n\n<div style=\"height:26px\" aria-hidden=\"true\" class=\"wp-block-spacer\"><\/div>\n\n\n\n<div class=\"wp-block-buttons is-content-justification-center is-layout-flex wp-container-core-buttons-is-layout-75f1776e wp-block-buttons-is-layout-flex\">\n<div class=\"wp-block-button\"><a class=\"wp-block-button__link has-base-color has-text-color has-background has-link-color wp-element-button\" href=\"https:\/\/mediation.eveha.fr\/index.php\/soyons-fouille-de-la-maternelle-au-cm2\/\" style=\"background-color:#ed5050\">En savoir plus<\/a><\/div>\n<\/div>\n\n\n\n<div style=\"height:25px\" aria-hidden=\"true\" class=\"wp-block-spacer\"><\/div>\n<\/div>\n<\/div>\n\n\n\n<div class=\"wp-block-columns is-layout-flex wp-container-core-columns-is-layout-7ed3604e wp-block-columns-is-layout-flex\" style=\"margin-top:0;margin-bottom:0;padding-top:0;padding-right:0;padding-bottom:0;padding-left:0\">\n<div class=\"wp-block-column is-vertically-aligned-top has-background is-layout-flow wp-container-core-column-is-layout-c06199db wp-block-column-is-layout-flow\" style=\"background-color:#2bb8b3;padding-top:0;padding-right:0;padding-bottom:0;padding-left:0\">\n<figure class=\"wp-block-image size-large wp-duotone-unset-1\"><img loading=\"lazy\" decoding=\"async\" width=\"1024\" height=\"767\" src=\"https:\/\/mediation.eveha.fr\/wp-content\/uploads\/2025\/01\/sitefictif2-1024x767.jpg\" alt=\"\" class=\"wp-image-3547\" style=\"aspect-ratio:4\/3;object-fit:cover\" srcset=\"https:\/\/mediation.eveha.fr\/wp-content\/uploads\/2025\/01\/sitefictif2-1024x767.jpg 1024w, https:\/\/mediation.eveha.fr\/wp-content\/uploads\/2025\/01\/sitefictif2-300x225.jpg 300w, https:\/\/mediation.eveha.fr\/wp-content\/uploads\/2025\/01\/sitefictif2-768x575.jpg 768w, https:\/\/mediation.eveha.fr\/wp-content\/uploads\/2025\/01\/sitefictif2.jpg 1028w\" sizes=\"auto, (max-width: 1024px) 100vw, 1024px\" \/><\/figure>\n\n\n\n<div style=\"height:24px\" aria-hidden=\"true\" class=\"wp-block-spacer\"><\/div>\n\n\n\n<h2 class=\"wp-block-heading has-text-align-center has-base-color has-text-color has-link-color has-large-font-size wp-elements-05bbbcabdce4811ae5f729077202b8d3\"><strong><strong>\u00c9tudions <\/strong><\/strong><\/h2>\n\n\n\n<h2 class=\"wp-block-heading has-text-align-center has-base-color has-text-color has-link-color has-large-font-size wp-elements-ee9368fbc830857dcb4eacd53047ce34\"><strong><strong>un site arch\u00e9ologique !<\/strong><\/strong><\/h2>\n\n\n\n<p class=\"has-text-align-center has-base-color has-text-color has-link-color has-medium-font-size wp-elements-4838ca6147a53acd81a1493f7b732417 wp-block-paragraph\"><strong><strong>Devenons des sp\u00e9cialistes du mobilier<\/strong><\/strong><\/p>\n\n\n\n<div style=\"height:24px\" aria-hidden=\"true\" class=\"wp-block-spacer\"><\/div>\n\n\n\n<div class=\"wp-block-buttons is-content-justification-center is-layout-flex wp-container-core-buttons-is-layout-75f1776e wp-block-buttons-is-layout-flex\">\n<div class=\"wp-block-button\"><a class=\"wp-block-button__link has-base-color has-text-color has-background has-link-color wp-element-button\" href=\"https:\/\/mediation.eveha.fr\/index.php\/etudions-un-site-archeologique\/\" style=\"background-color:#2d8e91\">En savoir plus<\/a><\/div>\n<\/div>\n\n\n\n<div style=\"height:26px\" aria-hidden=\"true\" class=\"wp-block-spacer\"><\/div>\n<\/div>\n\n\n\n<div class=\"wp-block-column is-vertically-aligned-top has-background is-layout-flow wp-container-core-column-is-layout-c06199db wp-block-column-is-layout-flow\" style=\"background-color:#77535d;padding-top:0;padding-right:0;padding-bottom:0;padding-left:0\">\n<figure class=\"wp-block-image aligncenter size-full\"><a href=\"https:\/\/mediation.eveha.fr\/index.php\/vous-avez-un-projet\/\"><img loading=\"lazy\" decoding=\"async\" width=\"599\" height=\"700\" src=\"https:\/\/mediation.eveha.fr\/wp-content\/uploads\/2023\/12\/projet.png\" alt=\"eac pass culture archeologie eveha\" class=\"wp-image-640\" style=\"aspect-ratio:4\/3;object-fit:cover\"\/><\/a><\/figure>\n\n\n\n<div style=\"height:24px\" aria-hidden=\"true\" class=\"wp-block-spacer\"><\/div>\n\n\n\n<h2 class=\"wp-block-heading has-text-align-center has-base-color has-text-color has-link-color has-large-font-size wp-elements-40825fbdd88837a8cb785da5135a716b\"><strong><strong><strong>Enseignants, vous avez <\/strong><\/strong><\/strong><br><strong><strong><strong>un projet d&rsquo;EAC ?<\/strong><\/strong><\/strong><\/h2>\n\n\n\n<p class=\"has-text-align-center has-base-color has-text-color has-link-color has-medium-font-size wp-elements-529202e1c1c315e8d64d4eea51e55bac wp-block-paragraph\"><strong><strong>Construisons-le ensemble, <\/strong><strong>contactez-nous<\/strong> !<\/strong><\/p>\n\n\n\n<div style=\"height:26px\" aria-hidden=\"true\" class=\"wp-block-spacer\"><\/div>\n\n\n\n<div class=\"wp-block-buttons is-content-justification-center is-layout-flex wp-container-core-buttons-is-layout-508b7ac9 wp-block-buttons-is-layout-flex\">\n<div class=\"wp-block-button has-custom-font-size is-style-fill has-small-font-size\"><a class=\"wp-block-button__link has-white-color has-text-color has-background has-link-color wp-element-button\" href=\"..\/index.php\/vous-avez-un-projet\/\" style=\"border-radius:0px;background-color:#33312e\">En savoir plus<\/a><\/div>\n<\/div>\n\n\n\n<div style=\"height:24px\" aria-hidden=\"true\" class=\"wp-block-spacer\"><\/div>\n<\/div>\n<\/div>\n\n\n\n<div style=\"height:56px\" aria-hidden=\"true\" class=\"wp-block-spacer\"><\/div>\n\n\n\n<h3 class=\"wp-block-heading has-text-align-center\"><strong>Contactez-nous !<\/strong><\/h3>\n\n\n\n<div style=\"height:31px\" aria-hidden=\"true\" class=\"wp-block-spacer\"><\/div>\n\n\n\n<div class=\"wp-block-buttons is-content-justification-center is-layout-flex wp-container-core-buttons-is-layout-75f1776e wp-block-buttons-is-layout-flex\">\n<div class=\"wp-block-button\"><a class=\"wp-block-button__link has-base-color has-text-color has-background has-link-color wp-element-button\" href=\"mailto:mediation-communication@eveha.fr\" style=\"background-color:#78874b\">Contactez nous : mediation-communication@eveha.fr<\/a><\/div>\n<\/div>\n","protected":false},"excerpt":{"rendered":"<p>Dans le cadre du d\u00e9veloppement de l\u2019\u00c9ducation artistique et culturelle (EAC) au niveau national et afin d\u2019encourager les jeunes \u00e0 la d\u00e9couverte de la vie artistique et culturelle par le biais de rencontres avec des professionnels de ces secteurs, \u00c9veha se mobilise et d\u00e9veloppe des actions p\u00e9dagogiques au plus pr\u00e8s des \u00e9l\u00e8ves dans le domaine [&hellip;]<\/p>\n","protected":false},"author":3,"featured_media":0,"parent":0,"menu_order":0,"comment_status":"closed","ping_status":"closed","template":"","meta":{"_crdt_document":"","inline_featured_image":false,"footnotes":""},"class_list":["post-146","page","type-page","status-publish","hentry"],"_links":{"self":[{"href":"https:\/\/mediation.eveha.fr\/index.php\/wp-json\/wp\/v2\/pages\/146","targetHints":{"allow":["GET"]}}],"collection":[{"href":"https:\/\/mediation.eveha.fr\/index.php\/wp-json\/wp\/v2\/pages"}],"about":[{"href":"https:\/\/mediation.eveha.fr\/index.php\/wp-json\/wp\/v2\/types\/page"}],"author":[{"embeddable":true,"href":"https:\/\/mediation.eveha.fr\/index.php\/wp-json\/wp\/v2\/users\/3"}],"replies":[{"embeddable":true,"href":"https:\/\/mediation.eveha.fr\/index.php\/wp-json\/wp\/v2\/comments?post=146"}],"version-history":[{"count":156,"href":"https:\/\/mediation.eveha.fr\/index.php\/wp-json\/wp\/v2\/pages\/146\/revisions"}],"predecessor-version":[{"id":3883,"href":"https:\/\/mediation.eveha.fr\/index.php\/wp-json\/wp\/v2\/pages\/146\/revisions\/3883"}],"wp:attachment":[{"href":"https:\/\/mediation.eveha.fr\/index.php\/wp-json\/wp\/v2\/media?parent=146"}],"curies":[{"name":"wp","href":"https:\/\/api.w.org\/{rel}","templated":true}]}}